{"id":287,"date":"2015-09-11T19:07:52","date_gmt":"2015-09-11T18:07:52","guid":{"rendered":"http:\/\/hinkelstein.ch\/blog\/?page_id=287"},"modified":"2016-04-17T18:44:56","modified_gmt":"2016-04-17T17:44:56","slug":"ein-neues-zuhause","status":"publish","type":"page","link":"http:\/\/hinkelstein.ch\/blog\/ava\/refit-uebersicht\/ein-neues-zuhause\/","title":{"rendered":"Ein neues Zuhause"},"content":{"rendered":"<div id=\"fb-root\"><\/div>\n<p><strong>Podestbau als Stellplatz<\/strong><\/p>\n\n\t\t<style type=\"text\/css\">\n\t\t\t#gallery-1 {\n\t\t\t\tmargin: auto;\n\t\t\t}\n\t\t\t#gallery-1 .gallery-item {\n\t\t\t\tfloat: left;\n\t\t\t\tmargin-top: 10px;\n\t\t\t\ttext-align: center;\n\t\t\t\twidth: 100%;\n\t\t\t}\n\t\t\t#gallery-1 img {\n\t\t\t\tborder: 2px solid #cfcfcf;\n\t\t\t}\n\t\t\t#gallery-1 .gallery-caption {\n\t\t\t\tmargin-left: 0;\n\t\t\t}\n\t\t\t\/* see gallery_shortcode() in wp-includes\/media.php *\/\n\t\t<\/style>\n\t\t<div data-carousel-extra='{\"blog_id\":1,\"permalink\":\"http:\\\/\\\/hinkelstein.ch\\\/blog\\\/ava\\\/refit-uebersicht\\\/ein-neues-zuhause\\\/\"}' id='gallery-1' class='gallery galleryid-287 gallery-columns-1 gallery-size-large'><dl class='gallery-item'>\n\t\t\t<dt class='gallery-icon landscape'>\n\t\t\t\t<a href='http:\/\/hinkelstein.ch\/blog\/img_8766\/'><img loading=\"lazy\" decoding=\"async\" width=\"1024\" height=\"682\" src=\"https:\/\/i0.wp.com\/hinkelstein.ch\/blog\/wp-content\/uploads\/2015\/12\/IMG_8766.jpg?fit=1024%2C682\" class=\"attachment-large size-large\" alt=\"\" aria-describedby=\"gallery-1-322\" srcset=\"https:\/\/i0.wp.com\/hinkelstein.ch\/blog\/wp-content\/uploads\/2015\/12\/IMG_8766.jpg?w=1280 1280w, https:\/\/i0.wp.com\/hinkelstein.ch\/blog\/wp-content\/uploads\/2015\/12\/IMG_8766.jpg?resize=300%2C200 300w, https:\/\/i0.wp.com\/hinkelstein.ch\/blog\/wp-content\/uploads\/2015\/12\/IMG_8766.jpg?resize=768%2C512 768w, https:\/\/i0.wp.com\/hinkelstein.ch\/blog\/wp-content\/uploads\/2015\/12\/IMG_8766.jpg?resize=1024%2C682 1024w\" sizes=\"(max-width: 1000px) 100vw, 1000px\" data-attachment-id=\"322\" data-permalink=\"http:\/\/hinkelstein.ch\/blog\/img_8766\/\" data-orig-file=\"https:\/\/i0.wp.com\/hinkelstein.ch\/blog\/wp-content\/uploads\/2015\/12\/IMG_8766.jpg?fit=1280%2C853\" data-orig-size=\"1280,853\" data-comments-opened=\"1\" data-image-meta=\"{&quot;aperture&quot;:&quot;7.1&quot;,&quot;credit&quot;:&quot;&quot;,&quot;camera&quot;:&quot;Canon EOS 450D&quot;,&quot;caption&quot;:&quot;&quot;,&quot;created_timestamp&quot;:&quot;1434307364&quot;,&quot;copyright&quot;:&quot;&quot;,&quot;focal_length&quot;:&quot;18&quot;,&quot;iso&quot;:&quot;100&quot;,&quot;shutter_speed&quot;:&quot;0.01&quot;,&quot;title&quot;:&quot;&quot;,&quot;orientation&quot;:&quot;1&quot;}\" data-image-title=\"01-trockendock-davor\" data-image-description=\"&lt;p&gt;Hier entsteht einmal das Trockedock.&lt;\/p&gt;\n\" data-image-caption=\"&lt;p&gt;Hier entsteht einmal das Trockedock&lt;\/p&gt;\n\" data-medium-file=\"https:\/\/i0.wp.com\/hinkelstein.ch\/blog\/wp-content\/uploads\/2015\/12\/IMG_8766.jpg?fit=300%2C200\" data-large-file=\"https:\/\/i0.wp.com\/hinkelstein.ch\/blog\/wp-content\/uploads\/2015\/12\/IMG_8766.jpg?fit=1024%2C682\" \/><\/a>\n\t\t\t<\/dt>\n\t\t\t\t<dd class='wp-caption-text gallery-caption' id='gallery-1-322'>\n\t\t\t\tHier entsteht einmal das Trockedock\n\t\t\t\t<\/dd><\/dl><br style=\"clear: both\" \/><dl class='gallery-item'>\n\t\t\t<dt class='gallery-icon landscape'>\n\t\t\t\t<a href='http:\/\/hinkelstein.ch\/blog\/img_0334\/'><img loading=\"lazy\" decoding=\"async\" width=\"1024\" height=\"765\" src=\"https:\/\/i0.wp.com\/hinkelstein.ch\/blog\/wp-content\/uploads\/2015\/12\/IMG_0334.jpg?fit=1024%2C765\" class=\"attachment-large size-large\" alt=\"\" aria-describedby=\"gallery-1-312\" srcset=\"https:\/\/i0.wp.com\/hinkelstein.ch\/blog\/wp-content\/uploads\/2015\/12\/IMG_0334.jpg?w=1280 1280w, https:\/\/i0.wp.com\/hinkelstein.ch\/blog\/wp-content\/uploads\/2015\/12\/IMG_0334.jpg?resize=200%2C150 200w, https:\/\/i0.wp.com\/hinkelstein.ch\/blog\/wp-content\/uploads\/2015\/12\/IMG_0334.jpg?resize=300%2C224 300w, https:\/\/i0.wp.com\/hinkelstein.ch\/blog\/wp-content\/uploads\/2015\/12\/IMG_0334.jpg?resize=768%2C574 768w, https:\/\/i0.wp.com\/hinkelstein.ch\/blog\/wp-content\/uploads\/2015\/12\/IMG_0334.jpg?resize=1024%2C765 1024w\" sizes=\"(max-width: 1000px) 100vw, 1000px\" data-attachment-id=\"312\" data-permalink=\"http:\/\/hinkelstein.ch\/blog\/img_0334\/\" data-orig-file=\"https:\/\/i0.wp.com\/hinkelstein.ch\/blog\/wp-content\/uploads\/2015\/12\/IMG_0334.jpg?fit=1280%2C956\" data-orig-size=\"1280,956\" data-comments-opened=\"1\" data-image-meta=\"{&quot;aperture&quot;:&quot;2.4&quot;,&quot;credit&quot;:&quot;&quot;,&quot;camera&quot;:&quot;iPad&quot;,&quot;caption&quot;:&quot;&quot;,&quot;created_timestamp&quot;:&quot;1436719326&quot;,&quot;copyright&quot;:&quot;&quot;,&quot;focal_length&quot;:&quot;4.28&quot;,&quot;iso&quot;:&quot;64&quot;,&quot;shutter_speed&quot;:&quot;0.05&quot;,&quot;title&quot;:&quot;&quot;,&quot;orientation&quot;:&quot;1&quot;}\" data-image-title=\"02-trockedock-skizze\" data-image-description=\"\" data-image-caption=\"&lt;p&gt;Wie steht ein Schiff am Hang?&lt;\/p&gt;\n\" data-medium-file=\"https:\/\/i0.wp.com\/hinkelstein.ch\/blog\/wp-content\/uploads\/2015\/12\/IMG_0334.jpg?fit=300%2C224\" data-large-file=\"https:\/\/i0.wp.com\/hinkelstein.ch\/blog\/wp-content\/uploads\/2015\/12\/IMG_0334.jpg?fit=1024%2C765\" \/><\/a>\n\t\t\t<\/dt>\n\t\t\t\t<dd class='wp-caption-text gallery-caption' id='gallery-1-312'>\n\t\t\t\tWie steht ein Schiff am Hang?\n\t\t\t\t<\/dd><\/dl><br style=\"clear: both\" \/><dl class='gallery-item'>\n\t\t\t<dt class='gallery-icon landscape'>\n\t\t\t\t<a href='http:\/\/hinkelstein.ch\/blog\/img_0333\/'><img loading=\"lazy\" decoding=\"async\" width=\"1024\" height=\"765\" src=\"https:\/\/i0.wp.com\/hinkelstein.ch\/blog\/wp-content\/uploads\/2015\/12\/IMG_0333.jpg?fit=1024%2C765\" class=\"attachment-large size-large\" alt=\"\" aria-describedby=\"gallery-1-311\" srcset=\"https:\/\/i0.wp.com\/hinkelstein.ch\/blog\/wp-content\/uploads\/2015\/12\/IMG_0333.jpg?w=1280 1280w, https:\/\/i0.wp.com\/hinkelstein.ch\/blog\/wp-content\/uploads\/2015\/12\/IMG_0333.jpg?resize=200%2C150 200w, https:\/\/i0.wp.com\/hinkelstein.ch\/blog\/wp-content\/uploads\/2015\/12\/IMG_0333.jpg?resize=300%2C224 300w, https:\/\/i0.wp.com\/hinkelstein.ch\/blog\/wp-content\/uploads\/2015\/12\/IMG_0333.jpg?resize=768%2C574 768w, https:\/\/i0.wp.com\/hinkelstein.ch\/blog\/wp-content\/uploads\/2015\/12\/IMG_0333.jpg?resize=1024%2C765 1024w\" sizes=\"(max-width: 1000px) 100vw, 1000px\" data-attachment-id=\"311\" data-permalink=\"http:\/\/hinkelstein.ch\/blog\/img_0333\/\" data-orig-file=\"https:\/\/i0.wp.com\/hinkelstein.ch\/blog\/wp-content\/uploads\/2015\/12\/IMG_0333.jpg?fit=1280%2C956\" data-orig-size=\"1280,956\" data-comments-opened=\"1\" data-image-meta=\"{&quot;aperture&quot;:&quot;2.4&quot;,&quot;credit&quot;:&quot;&quot;,&quot;camera&quot;:&quot;iPad&quot;,&quot;caption&quot;:&quot;&quot;,&quot;created_timestamp&quot;:&quot;1436719027&quot;,&quot;copyright&quot;:&quot;&quot;,&quot;focal_length&quot;:&quot;4.28&quot;,&quot;iso&quot;:&quot;64&quot;,&quot;shutter_speed&quot;:&quot;0.033333333333333&quot;,&quot;title&quot;:&quot;&quot;,&quot;orientation&quot;:&quot;1&quot;}\" data-image-title=\"03-trockendock-plan\" data-image-description=\"\" data-image-caption=\"&lt;p&gt;In der Theorie klappt es&lt;\/p&gt;\n\" data-medium-file=\"https:\/\/i0.wp.com\/hinkelstein.ch\/blog\/wp-content\/uploads\/2015\/12\/IMG_0333.jpg?fit=300%2C224\" data-large-file=\"https:\/\/i0.wp.com\/hinkelstein.ch\/blog\/wp-content\/uploads\/2015\/12\/IMG_0333.jpg?fit=1024%2C765\" \/><\/a>\n\t\t\t<\/dt>\n\t\t\t\t<dd class='wp-caption-text gallery-caption' id='gallery-1-311'>\n\t\t\t\tIn der Theorie klappt es\n\t\t\t\t<\/dd><\/dl><br style=\"clear: both\" \/><dl class='gallery-item'>\n\t\t\t<dt class='gallery-icon landscape'>\n\t\t\t\t<a href='http:\/\/hinkelstein.ch\/blog\/img_0337\/'><img loading=\"lazy\" decoding=\"async\" width=\"1024\" height=\"765\" src=\"https:\/\/i0.wp.com\/hinkelstein.ch\/blog\/wp-content\/uploads\/2015\/12\/IMG_0337.jpg?fit=1024%2C765\" class=\"attachment-large size-large\" alt=\"\" aria-describedby=\"gallery-1-314\" srcset=\"https:\/\/i0.wp.com\/hinkelstein.ch\/blog\/wp-content\/uploads\/2015\/12\/IMG_0337.jpg?w=1280 1280w, https:\/\/i0.wp.com\/hinkelstein.ch\/blog\/wp-content\/uploads\/2015\/12\/IMG_0337.jpg?resize=200%2C150 200w, https:\/\/i0.wp.com\/hinkelstein.ch\/blog\/wp-content\/uploads\/2015\/12\/IMG_0337.jpg?resize=300%2C224 300w, https:\/\/i0.wp.com\/hinkelstein.ch\/blog\/wp-content\/uploads\/2015\/12\/IMG_0337.jpg?resize=768%2C574 768w, https:\/\/i0.wp.com\/hinkelstein.ch\/blog\/wp-content\/uploads\/2015\/12\/IMG_0337.jpg?resize=1024%2C765 1024w\" sizes=\"(max-width: 1000px) 100vw, 1000px\" data-attachment-id=\"314\" data-permalink=\"http:\/\/hinkelstein.ch\/blog\/img_0337\/\" data-orig-file=\"https:\/\/i0.wp.com\/hinkelstein.ch\/blog\/wp-content\/uploads\/2015\/12\/IMG_0337.jpg?fit=1280%2C956\" data-orig-size=\"1280,956\" data-comments-opened=\"1\" data-image-meta=\"{&quot;aperture&quot;:&quot;2.4&quot;,&quot;credit&quot;:&quot;&quot;,&quot;camera&quot;:&quot;iPad&quot;,&quot;caption&quot;:&quot;&quot;,&quot;created_timestamp&quot;:&quot;1436793258&quot;,&quot;copyright&quot;:&quot;&quot;,&quot;focal_length&quot;:&quot;4.28&quot;,&quot;iso&quot;:&quot;50&quot;,&quot;shutter_speed&quot;:&quot;0.0020833333333333&quot;,&quot;title&quot;:&quot;&quot;,&quot;orientation&quot;:&quot;1&quot;}\" data-image-title=\"04-trockendock-entr\u00fcmpelung\" data-image-description=\"\" data-image-caption=\"&lt;p&gt;Einfahrt wird freigeschaufelt&lt;\/p&gt;\n\" data-medium-file=\"https:\/\/i0.wp.com\/hinkelstein.ch\/blog\/wp-content\/uploads\/2015\/12\/IMG_0337.jpg?fit=300%2C224\" data-large-file=\"https:\/\/i0.wp.com\/hinkelstein.ch\/blog\/wp-content\/uploads\/2015\/12\/IMG_0337.jpg?fit=1024%2C765\" \/><\/a>\n\t\t\t<\/dt>\n\t\t\t\t<dd class='wp-caption-text gallery-caption' id='gallery-1-314'>\n\t\t\t\tEinfahrt wird freigeschaufelt\n\t\t\t\t<\/dd><\/dl><br style=\"clear: both\" \/><dl class='gallery-item'>\n\t\t\t<dt class='gallery-icon landscape'>\n\t\t\t\t<a href='http:\/\/hinkelstein.ch\/blog\/img_0338\/'><img loading=\"lazy\" decoding=\"async\" width=\"1024\" height=\"765\" src=\"https:\/\/i0.wp.com\/hinkelstein.ch\/blog\/wp-content\/uploads\/2015\/12\/IMG_0338.jpg?fit=1024%2C765\" class=\"attachment-large size-large\" alt=\"\" aria-describedby=\"gallery-1-315\" srcset=\"https:\/\/i0.wp.com\/hinkelstein.ch\/blog\/wp-content\/uploads\/2015\/12\/IMG_0338.jpg?w=1280 1280w, https:\/\/i0.wp.com\/hinkelstein.ch\/blog\/wp-content\/uploads\/2015\/12\/IMG_0338.jpg?resize=200%2C150 200w, https:\/\/i0.wp.com\/hinkelstein.ch\/blog\/wp-content\/uploads\/2015\/12\/IMG_0338.jpg?resize=300%2C224 300w, https:\/\/i0.wp.com\/hinkelstein.ch\/blog\/wp-content\/uploads\/2015\/12\/IMG_0338.jpg?resize=768%2C574 768w, https:\/\/i0.wp.com\/hinkelstein.ch\/blog\/wp-content\/uploads\/2015\/12\/IMG_0338.jpg?resize=1024%2C765 1024w\" sizes=\"(max-width: 1000px) 100vw, 1000px\" data-attachment-id=\"315\" data-permalink=\"http:\/\/hinkelstein.ch\/blog\/img_0338\/\" data-orig-file=\"https:\/\/i0.wp.com\/hinkelstein.ch\/blog\/wp-content\/uploads\/2015\/12\/IMG_0338.jpg?fit=1280%2C956\" data-orig-size=\"1280,956\" data-comments-opened=\"1\" data-image-meta=\"{&quot;aperture&quot;:&quot;2.4&quot;,&quot;credit&quot;:&quot;&quot;,&quot;camera&quot;:&quot;iPad&quot;,&quot;caption&quot;:&quot;&quot;,&quot;created_timestamp&quot;:&quot;1437049058&quot;,&quot;copyright&quot;:&quot;&quot;,&quot;focal_length&quot;:&quot;4.28&quot;,&quot;iso&quot;:&quot;50&quot;,&quot;shutter_speed&quot;:&quot;0.0075187969924812&quot;,&quot;title&quot;:&quot;&quot;,&quot;orientation&quot;:&quot;1&quot;}\" data-image-title=\"05-trockendock-profil\" data-image-description=\"\" data-image-caption=\"&lt;p&gt;Ausloten der Neigung&lt;\/p&gt;\n\" data-medium-file=\"https:\/\/i0.wp.com\/hinkelstein.ch\/blog\/wp-content\/uploads\/2015\/12\/IMG_0338.jpg?fit=300%2C224\" data-large-file=\"https:\/\/i0.wp.com\/hinkelstein.ch\/blog\/wp-content\/uploads\/2015\/12\/IMG_0338.jpg?fit=1024%2C765\" \/><\/a>\n\t\t\t<\/dt>\n\t\t\t\t<dd class='wp-caption-text gallery-caption' id='gallery-1-315'>\n\t\t\t\tAusloten der Neigung\n\t\t\t\t<\/dd><\/dl><br style=\"clear: both\" \/><dl class='gallery-item'>\n\t\t\t<dt class='gallery-icon landscape'>\n\t\t\t\t<a href='http:\/\/hinkelstein.ch\/blog\/img_0346\/'><img loading=\"lazy\" decoding=\"async\" width=\"1024\" height=\"765\" src=\"https:\/\/i0.wp.com\/hinkelstein.ch\/blog\/wp-content\/uploads\/2015\/12\/IMG_0346.jpg?fit=1024%2C765\" class=\"attachment-large size-large\" alt=\"\" aria-describedby=\"gallery-1-316\" srcset=\"https:\/\/i0.wp.com\/hinkelstein.ch\/blog\/wp-content\/uploads\/2015\/12\/IMG_0346.jpg?w=1280 1280w, https:\/\/i0.wp.com\/hinkelstein.ch\/blog\/wp-content\/uploads\/2015\/12\/IMG_0346.jpg?resize=200%2C150 200w, https:\/\/i0.wp.com\/hinkelstein.ch\/blog\/wp-content\/uploads\/2015\/12\/IMG_0346.jpg?resize=300%2C224 300w, https:\/\/i0.wp.com\/hinkelstein.ch\/blog\/wp-content\/uploads\/2015\/12\/IMG_0346.jpg?resize=768%2C574 768w, https:\/\/i0.wp.com\/hinkelstein.ch\/blog\/wp-content\/uploads\/2015\/12\/IMG_0346.jpg?resize=1024%2C765 1024w\" sizes=\"(max-width: 1000px) 100vw, 1000px\" data-attachment-id=\"316\" data-permalink=\"http:\/\/hinkelstein.ch\/blog\/img_0346\/\" data-orig-file=\"https:\/\/i0.wp.com\/hinkelstein.ch\/blog\/wp-content\/uploads\/2015\/12\/IMG_0346.jpg?fit=1280%2C956\" data-orig-size=\"1280,956\" data-comments-opened=\"1\" data-image-meta=\"{&quot;aperture&quot;:&quot;2.4&quot;,&quot;credit&quot;:&quot;&quot;,&quot;camera&quot;:&quot;iPad&quot;,&quot;caption&quot;:&quot;&quot;,&quot;created_timestamp&quot;:&quot;1437251680&quot;,&quot;copyright&quot;:&quot;&quot;,&quot;focal_length&quot;:&quot;4.28&quot;,&quot;iso&quot;:&quot;50&quot;,&quot;shutter_speed&quot;:&quot;0.025&quot;,&quot;title&quot;:&quot;&quot;,&quot;orientation&quot;:&quot;1&quot;}\" data-image-title=\"06-trockendock-unterkonstruktion-1\" data-image-description=\"\" data-image-caption=\"&lt;p&gt;Der hinterste Quertr\u00e4ger steht&lt;\/p&gt;\n\" data-medium-file=\"https:\/\/i0.wp.com\/hinkelstein.ch\/blog\/wp-content\/uploads\/2015\/12\/IMG_0346.jpg?fit=300%2C224\" data-large-file=\"https:\/\/i0.wp.com\/hinkelstein.ch\/blog\/wp-content\/uploads\/2015\/12\/IMG_0346.jpg?fit=1024%2C765\" \/><\/a>\n\t\t\t<\/dt>\n\t\t\t\t<dd class='wp-caption-text gallery-caption' id='gallery-1-316'>\n\t\t\t\tDer hinterste Quertr\u00e4ger steht\n\t\t\t\t<\/dd><\/dl><br style=\"clear: both\" \/><dl class='gallery-item'>\n\t\t\t<dt class='gallery-icon landscape'>\n\t\t\t\t<a href='http:\/\/hinkelstein.ch\/blog\/img_0348\/'><img loading=\"lazy\" decoding=\"async\" width=\"1024\" height=\"765\" src=\"https:\/\/i0.wp.com\/hinkelstein.ch\/blog\/wp-content\/uploads\/2015\/12\/IMG_0348.jpg?fit=1024%2C765\" class=\"attachment-large size-large\" alt=\"\" aria-describedby=\"gallery-1-317\" srcset=\"https:\/\/i0.wp.com\/hinkelstein.ch\/blog\/wp-content\/uploads\/2015\/12\/IMG_0348.jpg?w=1280 1280w, https:\/\/i0.wp.com\/hinkelstein.ch\/blog\/wp-content\/uploads\/2015\/12\/IMG_0348.jpg?resize=200%2C150 200w, https:\/\/i0.wp.com\/hinkelstein.ch\/blog\/wp-content\/uploads\/2015\/12\/IMG_0348.jpg?resize=300%2C224 300w, https:\/\/i0.wp.com\/hinkelstein.ch\/blog\/wp-content\/uploads\/2015\/12\/IMG_0348.jpg?resize=768%2C574 768w, https:\/\/i0.wp.com\/hinkelstein.ch\/blog\/wp-content\/uploads\/2015\/12\/IMG_0348.jpg?resize=1024%2C765 1024w\" sizes=\"(max-width: 1000px) 100vw, 1000px\" data-attachment-id=\"317\" data-permalink=\"http:\/\/hinkelstein.ch\/blog\/img_0348\/\" data-orig-file=\"https:\/\/i0.wp.com\/hinkelstein.ch\/blog\/wp-content\/uploads\/2015\/12\/IMG_0348.jpg?fit=1280%2C956\" data-orig-size=\"1280,956\" data-comments-opened=\"1\" data-image-meta=\"{&quot;aperture&quot;:&quot;2.4&quot;,&quot;credit&quot;:&quot;&quot;,&quot;camera&quot;:&quot;iPad&quot;,&quot;caption&quot;:&quot;&quot;,&quot;created_timestamp&quot;:&quot;1437508265&quot;,&quot;copyright&quot;:&quot;&quot;,&quot;focal_length&quot;:&quot;4.28&quot;,&quot;iso&quot;:&quot;64&quot;,&quot;shutter_speed&quot;:&quot;0.0083333333333333&quot;,&quot;title&quot;:&quot;&quot;,&quot;orientation&quot;:&quot;1&quot;}\" data-image-title=\"07-trockendock-unterkonstruktion-2\" data-image-description=\"\" data-image-caption=\"&lt;p&gt;Alle Quertr\u00e4ger sind im Lot&lt;\/p&gt;\n\" data-medium-file=\"https:\/\/i0.wp.com\/hinkelstein.ch\/blog\/wp-content\/uploads\/2015\/12\/IMG_0348.jpg?fit=300%2C224\" data-large-file=\"https:\/\/i0.wp.com\/hinkelstein.ch\/blog\/wp-content\/uploads\/2015\/12\/IMG_0348.jpg?fit=1024%2C765\" \/><\/a>\n\t\t\t<\/dt>\n\t\t\t\t<dd class='wp-caption-text gallery-caption' id='gallery-1-317'>\n\t\t\t\tAlle Quertr\u00e4ger sind im Lot\n\t\t\t\t<\/dd><\/dl><br style=\"clear: both\" \/><dl class='gallery-item'>\n\t\t\t<dt class='gallery-icon portrait'>\n\t\t\t\t<a href='http:\/\/hinkelstein.ch\/blog\/img_9380\/'><img loading=\"lazy\" decoding=\"async\" width=\"768\" height=\"1024\" src=\"https:\/\/i0.wp.com\/hinkelstein.ch\/blog\/wp-content\/uploads\/2015\/12\/IMG_9380.jpg?fit=768%2C1024\" class=\"attachment-large size-large\" alt=\"\" aria-describedby=\"gallery-1-323\" srcset=\"https:\/\/i0.wp.com\/hinkelstein.ch\/blog\/wp-content\/uploads\/2015\/12\/IMG_9380.jpg?w=960 960w, https:\/\/i0.wp.com\/hinkelstein.ch\/blog\/wp-content\/uploads\/2015\/12\/IMG_9380.jpg?resize=225%2C300 225w, https:\/\/i0.wp.com\/hinkelstein.ch\/blog\/wp-content\/uploads\/2015\/12\/IMG_9380.jpg?resize=768%2C1024 768w\" sizes=\"(max-width: 768px) 100vw, 768px\" data-attachment-id=\"323\" data-permalink=\"http:\/\/hinkelstein.ch\/blog\/img_9380\/\" data-orig-file=\"https:\/\/i0.wp.com\/hinkelstein.ch\/blog\/wp-content\/uploads\/2015\/12\/IMG_9380.jpg?fit=960%2C1280\" data-orig-size=\"960,1280\" data-comments-opened=\"1\" data-image-meta=\"{&quot;aperture&quot;:&quot;2.4&quot;,&quot;credit&quot;:&quot;&quot;,&quot;camera&quot;:&quot;iPhone 4S&quot;,&quot;caption&quot;:&quot;&quot;,&quot;created_timestamp&quot;:&quot;1439037225&quot;,&quot;copyright&quot;:&quot;&quot;,&quot;focal_length&quot;:&quot;4.28&quot;,&quot;iso&quot;:&quot;50&quot;,&quot;shutter_speed&quot;:&quot;0.0012674271229404&quot;,&quot;title&quot;:&quot;&quot;,&quot;orientation&quot;:&quot;1&quot;}\" data-image-title=\"08-trockendock-l\u00e4ngstr\u00e4ger\" data-image-description=\"\" data-image-caption=\"&lt;p&gt;Lieferung L\u00e4ngstr\u00e4ger und Bodenplatten&lt;\/p&gt;\n\" data-medium-file=\"https:\/\/i0.wp.com\/hinkelstein.ch\/blog\/wp-content\/uploads\/2015\/12\/IMG_9380.jpg?fit=225%2C300\" data-large-file=\"https:\/\/i0.wp.com\/hinkelstein.ch\/blog\/wp-content\/uploads\/2015\/12\/IMG_9380.jpg?fit=768%2C1024\" \/><\/a>\n\t\t\t<\/dt>\n\t\t\t\t<dd class='wp-caption-text gallery-caption' id='gallery-1-323'>\n\t\t\t\tLieferung L\u00e4ngstr\u00e4ger und Bodenplatten\n\t\t\t\t<\/dd><\/dl><br style=\"clear: both\" \/><dl class='gallery-item'>\n\t\t\t<dt class='gallery-icon landscape'>\n\t\t\t\t<a href='http:\/\/hinkelstein.ch\/blog\/img_0359\/'><img loading=\"lazy\" decoding=\"async\" width=\"1024\" height=\"765\" src=\"https:\/\/i0.wp.com\/hinkelstein.ch\/blog\/wp-content\/uploads\/2015\/12\/IMG_0359.jpg?fit=1024%2C765\" class=\"attachment-large size-large\" alt=\"\" aria-describedby=\"gallery-1-320\" srcset=\"https:\/\/i0.wp.com\/hinkelstein.ch\/blog\/wp-content\/uploads\/2015\/12\/IMG_0359.jpg?w=1280 1280w, https:\/\/i0.wp.com\/hinkelstein.ch\/blog\/wp-content\/uploads\/2015\/12\/IMG_0359.jpg?resize=200%2C150 200w, https:\/\/i0.wp.com\/hinkelstein.ch\/blog\/wp-content\/uploads\/2015\/12\/IMG_0359.jpg?resize=300%2C224 300w, https:\/\/i0.wp.com\/hinkelstein.ch\/blog\/wp-content\/uploads\/2015\/12\/IMG_0359.jpg?resize=768%2C574 768w, https:\/\/i0.wp.com\/hinkelstein.ch\/blog\/wp-content\/uploads\/2015\/12\/IMG_0359.jpg?resize=1024%2C765 1024w\" sizes=\"(max-width: 1000px) 100vw, 1000px\" data-attachment-id=\"320\" data-permalink=\"http:\/\/hinkelstein.ch\/blog\/img_0359\/\" data-orig-file=\"https:\/\/i0.wp.com\/hinkelstein.ch\/blog\/wp-content\/uploads\/2015\/12\/IMG_0359.jpg?fit=1280%2C956\" data-orig-size=\"1280,956\" data-comments-opened=\"1\" data-image-meta=\"{&quot;aperture&quot;:&quot;2.4&quot;,&quot;credit&quot;:&quot;&quot;,&quot;camera&quot;:&quot;iPad&quot;,&quot;caption&quot;:&quot;&quot;,&quot;created_timestamp&quot;:&quot;1440946275&quot;,&quot;copyright&quot;:&quot;&quot;,&quot;focal_length&quot;:&quot;4.28&quot;,&quot;iso&quot;:&quot;50&quot;,&quot;shutter_speed&quot;:&quot;0.00026399155227033&quot;,&quot;title&quot;:&quot;&quot;,&quot;orientation&quot;:&quot;1&quot;}\" data-image-title=\"09-trockendock-podest-1\" data-image-description=\"\" data-image-caption=\"&lt;p&gt;L\u00e4ngstr\u00e4ger und Bodenplatten sind verlegt&lt;\/p&gt;\n\" data-medium-file=\"https:\/\/i0.wp.com\/hinkelstein.ch\/blog\/wp-content\/uploads\/2015\/12\/IMG_0359.jpg?fit=300%2C224\" data-large-file=\"https:\/\/i0.wp.com\/hinkelstein.ch\/blog\/wp-content\/uploads\/2015\/12\/IMG_0359.jpg?fit=1024%2C765\" \/><\/a>\n\t\t\t<\/dt>\n\t\t\t\t<dd class='wp-caption-text gallery-caption' id='gallery-1-320'>\n\t\t\t\tL\u00e4ngstr\u00e4ger und Bodenplatten sind verlegt\n\t\t\t\t<\/dd><\/dl><br style=\"clear: both\" \/><dl class='gallery-item'>\n\t\t\t<dt class='gallery-icon landscape'>\n\t\t\t\t<a href='http:\/\/hinkelstein.ch\/blog\/img_0270\/'><img loading=\"lazy\" decoding=\"async\" width=\"1024\" height=\"768\" src=\"https:\/\/i0.wp.com\/hinkelstein.ch\/blog\/wp-content\/uploads\/2015\/12\/IMG_0270.jpg?fit=1024%2C768\" class=\"attachment-large size-large\" alt=\"\" aria-describedby=\"gallery-1-307\" srcset=\"https:\/\/i0.wp.com\/hinkelstein.ch\/blog\/wp-content\/uploads\/2015\/12\/IMG_0270.jpg?w=1280 1280w, https:\/\/i0.wp.com\/hinkelstein.ch\/blog\/wp-content\/uploads\/2015\/12\/IMG_0270.jpg?resize=200%2C150 200w, https:\/\/i0.wp.com\/hinkelstein.ch\/blog\/wp-content\/uploads\/2015\/12\/IMG_0270.jpg?resize=300%2C225 300w, https:\/\/i0.wp.com\/hinkelstein.ch\/blog\/wp-content\/uploads\/2015\/12\/IMG_0270.jpg?resize=768%2C576 768w, https:\/\/i0.wp.com\/hinkelstein.ch\/blog\/wp-content\/uploads\/2015\/12\/IMG_0270.jpg?resize=1024%2C768 1024w\" sizes=\"(max-width: 1000px) 100vw, 1000px\" data-attachment-id=\"307\" data-permalink=\"http:\/\/hinkelstein.ch\/blog\/img_0270\/\" data-orig-file=\"https:\/\/i0.wp.com\/hinkelstein.ch\/blog\/wp-content\/uploads\/2015\/12\/IMG_0270.jpg?fit=1280%2C960\" data-orig-size=\"1280,960\" data-comments-opened=\"1\" data-image-meta=\"{&quot;aperture&quot;:&quot;2.4&quot;,&quot;credit&quot;:&quot;&quot;,&quot;camera&quot;:&quot;iPhone 4S&quot;,&quot;caption&quot;:&quot;&quot;,&quot;created_timestamp&quot;:&quot;1440324402&quot;,&quot;copyright&quot;:&quot;&quot;,&quot;focal_length&quot;:&quot;4.28&quot;,&quot;iso&quot;:&quot;50&quot;,&quot;shutter_speed&quot;:&quot;0.0016501650165017&quot;,&quot;title&quot;:&quot;&quot;,&quot;orientation&quot;:&quot;1&quot;}\" data-image-title=\"10-trockedock-podest-2\" data-image-description=\"\" data-image-caption=\"&lt;p&gt;Die Rampe als Zufahrt auf das Podest entsteht&lt;\/p&gt;\n\" data-medium-file=\"https:\/\/i0.wp.com\/hinkelstein.ch\/blog\/wp-content\/uploads\/2015\/12\/IMG_0270.jpg?fit=300%2C225\" data-large-file=\"https:\/\/i0.wp.com\/hinkelstein.ch\/blog\/wp-content\/uploads\/2015\/12\/IMG_0270.jpg?fit=1024%2C768\" \/><\/a>\n\t\t\t<\/dt>\n\t\t\t\t<dd class='wp-caption-text gallery-caption' id='gallery-1-307'>\n\t\t\t\tDie Rampe als Zufahrt auf das Podest entsteht\n\t\t\t\t<\/dd><\/dl><br style=\"clear: both\" \/><dl class='gallery-item'>\n\t\t\t<dt class='gallery-icon landscape'>\n\t\t\t\t<a href='http:\/\/hinkelstein.ch\/blog\/img_0272-2\/'><img loading=\"lazy\" decoding=\"async\" width=\"1024\" height=\"768\" src=\"https:\/\/i0.wp.com\/hinkelstein.ch\/blog\/wp-content\/uploads\/2015\/12\/IMG_0272.jpg?fit=1024%2C768\" class=\"attachment-large size-large\" alt=\"\" srcset=\"https:\/\/i0.wp.com\/hinkelstein.ch\/blog\/wp-content\/uploads\/2015\/12\/IMG_0272.jpg?w=1280 1280w, https:\/\/i0.wp.com\/hinkelstein.ch\/blog\/wp-content\/uploads\/2015\/12\/IMG_0272.jpg?resize=200%2C150 200w, https:\/\/i0.wp.com\/hinkelstein.ch\/blog\/wp-content\/uploads\/2015\/12\/IMG_0272.jpg?resize=300%2C225 300w, https:\/\/i0.wp.com\/hinkelstein.ch\/blog\/wp-content\/uploads\/2015\/12\/IMG_0272.jpg?resize=768%2C576 768w, https:\/\/i0.wp.com\/hinkelstein.ch\/blog\/wp-content\/uploads\/2015\/12\/IMG_0272.jpg?resize=1024%2C768 1024w\" sizes=\"(max-width: 1000px) 100vw, 1000px\" data-attachment-id=\"308\" data-permalink=\"http:\/\/hinkelstein.ch\/blog\/img_0272-2\/\" data-orig-file=\"https:\/\/i0.wp.com\/hinkelstein.ch\/blog\/wp-content\/uploads\/2015\/12\/IMG_0272.jpg?fit=1280%2C960\" data-orig-size=\"1280,960\" data-comments-opened=\"1\" data-image-meta=\"{&quot;aperture&quot;:&quot;2.4&quot;,&quot;credit&quot;:&quot;&quot;,&quot;camera&quot;:&quot;iPhone 4S&quot;,&quot;caption&quot;:&quot;&quot;,&quot;created_timestamp&quot;:&quot;1440348076&quot;,&quot;copyright&quot;:&quot;&quot;,&quot;focal_length&quot;:&quot;4.28&quot;,&quot;iso&quot;:&quot;50&quot;,&quot;shutter_speed&quot;:&quot;0.0068965517241379&quot;,&quot;title&quot;:&quot;&quot;,&quot;orientation&quot;:&quot;1&quot;}\" data-image-title=\"11-trockendock-rampe-2\" data-image-description=\"\" data-image-caption=\"\" data-medium-file=\"https:\/\/i0.wp.com\/hinkelstein.ch\/blog\/wp-content\/uploads\/2015\/12\/IMG_0272.jpg?fit=300%2C225\" data-large-file=\"https:\/\/i0.wp.com\/hinkelstein.ch\/blog\/wp-content\/uploads\/2015\/12\/IMG_0272.jpg?fit=1024%2C768\" \/><\/a>\n\t\t\t<\/dt><\/dl><br style=\"clear: both\" \/><dl class='gallery-item'>\n\t\t\t<dt class='gallery-icon landscape'>\n\t\t\t\t<a href='http:\/\/hinkelstein.ch\/blog\/img_0356\/'><img loading=\"lazy\" decoding=\"async\" width=\"1024\" height=\"765\" src=\"https:\/\/i0.wp.com\/hinkelstein.ch\/blog\/wp-content\/uploads\/2015\/12\/IMG_0356.jpg?fit=1024%2C765\" class=\"attachment-large size-large\" alt=\"\" aria-describedby=\"gallery-1-318\" srcset=\"https:\/\/i0.wp.com\/hinkelstein.ch\/blog\/wp-content\/uploads\/2015\/12\/IMG_0356.jpg?w=1280 1280w, https:\/\/i0.wp.com\/hinkelstein.ch\/blog\/wp-content\/uploads\/2015\/12\/IMG_0356.jpg?resize=200%2C150 200w, https:\/\/i0.wp.com\/hinkelstein.ch\/blog\/wp-content\/uploads\/2015\/12\/IMG_0356.jpg?resize=300%2C224 300w, https:\/\/i0.wp.com\/hinkelstein.ch\/blog\/wp-content\/uploads\/2015\/12\/IMG_0356.jpg?resize=768%2C574 768w, https:\/\/i0.wp.com\/hinkelstein.ch\/blog\/wp-content\/uploads\/2015\/12\/IMG_0356.jpg?resize=1024%2C765 1024w\" sizes=\"(max-width: 1000px) 100vw, 1000px\" data-attachment-id=\"318\" data-permalink=\"http:\/\/hinkelstein.ch\/blog\/img_0356\/\" data-orig-file=\"https:\/\/i0.wp.com\/hinkelstein.ch\/blog\/wp-content\/uploads\/2015\/12\/IMG_0356.jpg?fit=1280%2C956\" data-orig-size=\"1280,956\" data-comments-opened=\"1\" data-image-meta=\"{&quot;aperture&quot;:&quot;2.4&quot;,&quot;credit&quot;:&quot;&quot;,&quot;camera&quot;:&quot;iPad&quot;,&quot;caption&quot;:&quot;&quot;,&quot;created_timestamp&quot;:&quot;1440946239&quot;,&quot;copyright&quot;:&quot;&quot;,&quot;focal_length&quot;:&quot;4.28&quot;,&quot;iso&quot;:&quot;50&quot;,&quot;shutter_speed&quot;:&quot;0.00019798059790141&quot;,&quot;title&quot;:&quot;&quot;,&quot;orientation&quot;:&quot;1&quot;}\" data-image-title=\"12-trockendock-rampe-1\" data-image-description=\"\" data-image-caption=\"&lt;p&gt;Die Rampe ist zum Testen frei gegeben&lt;\/p&gt;\n\" data-medium-file=\"https:\/\/i0.wp.com\/hinkelstein.ch\/blog\/wp-content\/uploads\/2015\/12\/IMG_0356.jpg?fit=300%2C224\" data-large-file=\"https:\/\/i0.wp.com\/hinkelstein.ch\/blog\/wp-content\/uploads\/2015\/12\/IMG_0356.jpg?fit=1024%2C765\" \/><\/a>\n\t\t\t<\/dt>\n\t\t\t\t<dd class='wp-caption-text gallery-caption' id='gallery-1-318'>\n\t\t\t\tDie Rampe ist zum Testen frei gegeben\n\t\t\t\t<\/dd><\/dl><br style=\"clear: both\" \/><dl class='gallery-item'>\n\t\t\t<dt class='gallery-icon landscape'>\n\t\t\t\t<a href='http:\/\/hinkelstein.ch\/blog\/img_0357\/'><img loading=\"lazy\" decoding=\"async\" width=\"1024\" height=\"765\" src=\"https:\/\/i0.wp.com\/hinkelstein.ch\/blog\/wp-content\/uploads\/2015\/12\/IMG_0357.jpg?fit=1024%2C765\" class=\"attachment-large size-large\" alt=\"\" aria-describedby=\"gallery-1-319\" srcset=\"https:\/\/i0.wp.com\/hinkelstein.ch\/blog\/wp-content\/uploads\/2015\/12\/IMG_0357.jpg?w=1280 1280w, https:\/\/i0.wp.com\/hinkelstein.ch\/blog\/wp-content\/uploads\/2015\/12\/IMG_0357.jpg?resize=200%2C150 200w, https:\/\/i0.wp.com\/hinkelstein.ch\/blog\/wp-content\/uploads\/2015\/12\/IMG_0357.jpg?resize=300%2C224 300w, https:\/\/i0.wp.com\/hinkelstein.ch\/blog\/wp-content\/uploads\/2015\/12\/IMG_0357.jpg?resize=768%2C574 768w, https:\/\/i0.wp.com\/hinkelstein.ch\/blog\/wp-content\/uploads\/2015\/12\/IMG_0357.jpg?resize=1024%2C765 1024w\" sizes=\"(max-width: 1000px) 100vw, 1000px\" data-attachment-id=\"319\" data-permalink=\"http:\/\/hinkelstein.ch\/blog\/img_0357\/\" data-orig-file=\"https:\/\/i0.wp.com\/hinkelstein.ch\/blog\/wp-content\/uploads\/2015\/12\/IMG_0357.jpg?fit=1280%2C956\" data-orig-size=\"1280,956\" data-comments-opened=\"1\" data-image-meta=\"{&quot;aperture&quot;:&quot;2.4&quot;,&quot;credit&quot;:&quot;&quot;,&quot;camera&quot;:&quot;iPad&quot;,&quot;caption&quot;:&quot;&quot;,&quot;created_timestamp&quot;:&quot;1440946254&quot;,&quot;copyright&quot;:&quot;&quot;,&quot;focal_length&quot;:&quot;4.28&quot;,&quot;iso&quot;:&quot;50&quot;,&quot;shutter_speed&quot;:&quot;0.00039698292973402&quot;,&quot;title&quot;:&quot;&quot;,&quot;orientation&quot;:&quot;1&quot;}\" data-image-title=\"13-trockendock-rampe-2\" data-image-description=\"\" data-image-caption=\"&lt;p&gt;Die Rampe in der Westansicht&lt;\/p&gt;\n\" data-medium-file=\"https:\/\/i0.wp.com\/hinkelstein.ch\/blog\/wp-content\/uploads\/2015\/12\/IMG_0357.jpg?fit=300%2C224\" data-large-file=\"https:\/\/i0.wp.com\/hinkelstein.ch\/blog\/wp-content\/uploads\/2015\/12\/IMG_0357.jpg?fit=1024%2C765\" \/><\/a>\n\t\t\t<\/dt>\n\t\t\t\t<dd class='wp-caption-text gallery-caption' id='gallery-1-319'>\n\t\t\t\tDie Rampe in der Westansicht\n\t\t\t\t<\/dd><\/dl><br style=\"clear: both\" \/><dl class='gallery-item'>\n\t\t\t<dt class='gallery-icon landscape'>\n\t\t\t\t<a href='http:\/\/hinkelstein.ch\/blog\/img_0361\/'><img loading=\"lazy\" decoding=\"async\" width=\"1024\" height=\"765\" src=\"https:\/\/i0.wp.com\/hinkelstein.ch\/blog\/wp-content\/uploads\/2015\/12\/IMG_0361.jpg?fit=1024%2C765\" class=\"attachment-large size-large\" alt=\"\" aria-describedby=\"gallery-1-321\" srcset=\"https:\/\/i0.wp.com\/hinkelstein.ch\/blog\/wp-content\/uploads\/2015\/12\/IMG_0361.jpg?w=1280 1280w, https:\/\/i0.wp.com\/hinkelstein.ch\/blog\/wp-content\/uploads\/2015\/12\/IMG_0361.jpg?resize=200%2C150 200w, https:\/\/i0.wp.com\/hinkelstein.ch\/blog\/wp-content\/uploads\/2015\/12\/IMG_0361.jpg?resize=300%2C224 300w, https:\/\/i0.wp.com\/hinkelstein.ch\/blog\/wp-content\/uploads\/2015\/12\/IMG_0361.jpg?resize=768%2C574 768w, https:\/\/i0.wp.com\/hinkelstein.ch\/blog\/wp-content\/uploads\/2015\/12\/IMG_0361.jpg?resize=1024%2C765 1024w\" sizes=\"(max-width: 1000px) 100vw, 1000px\" data-attachment-id=\"321\" data-permalink=\"http:\/\/hinkelstein.ch\/blog\/img_0361\/\" data-orig-file=\"https:\/\/i0.wp.com\/hinkelstein.ch\/blog\/wp-content\/uploads\/2015\/12\/IMG_0361.jpg?fit=1280%2C956\" data-orig-size=\"1280,956\" data-comments-opened=\"1\" data-image-meta=\"{&quot;aperture&quot;:&quot;2.4&quot;,&quot;credit&quot;:&quot;&quot;,&quot;camera&quot;:&quot;iPad&quot;,&quot;caption&quot;:&quot;&quot;,&quot;created_timestamp&quot;:&quot;1440946298&quot;,&quot;copyright&quot;:&quot;&quot;,&quot;focal_length&quot;:&quot;4.28&quot;,&quot;iso&quot;:&quot;50&quot;,&quot;shutter_speed&quot;:&quot;0.00082712985938792&quot;,&quot;title&quot;:&quot;&quot;,&quot;orientation&quot;:&quot;1&quot;}\" data-image-title=\"14-trockendock-podest\" data-image-description=\"\" data-image-caption=\"&lt;p&gt;Unter dem Podest viel Stauraum&lt;\/p&gt;\n\" data-medium-file=\"https:\/\/i0.wp.com\/hinkelstein.ch\/blog\/wp-content\/uploads\/2015\/12\/IMG_0361.jpg?fit=300%2C224\" data-large-file=\"https:\/\/i0.wp.com\/hinkelstein.ch\/blog\/wp-content\/uploads\/2015\/12\/IMG_0361.jpg?fit=1024%2C765\" \/><\/a>\n\t\t\t<\/dt>\n\t\t\t\t<dd class='wp-caption-text gallery-caption' id='gallery-1-321'>\n\t\t\t\tUnter dem Podest viel Stauraum\n\t\t\t\t<\/dd><\/dl><br style=\"clear: both\" \/><dl class='gallery-item'>\n\t\t\t<dt class='gallery-icon landscape'>\n\t\t\t\t<a href='http:\/\/hinkelstein.ch\/blog\/img_0276\/'><img loading=\"lazy\" decoding=\"async\" width=\"1024\" height=\"768\" src=\"https:\/\/i0.wp.com\/hinkelstein.ch\/blog\/wp-content\/uploads\/2015\/12\/IMG_0276.jpg?fit=1024%2C768\" class=\"attachment-large size-large\" alt=\"\" aria-describedby=\"gallery-1-310\" srcset=\"https:\/\/i0.wp.com\/hinkelstein.ch\/blog\/wp-content\/uploads\/2015\/12\/IMG_0276.jpg?w=1280 1280w, https:\/\/i0.wp.com\/hinkelstein.ch\/blog\/wp-content\/uploads\/2015\/12\/IMG_0276.jpg?resize=200%2C150 200w, https:\/\/i0.wp.com\/hinkelstein.ch\/blog\/wp-content\/uploads\/2015\/12\/IMG_0276.jpg?resize=300%2C225 300w, https:\/\/i0.wp.com\/hinkelstein.ch\/blog\/wp-content\/uploads\/2015\/12\/IMG_0276.jpg?resize=768%2C576 768w, https:\/\/i0.wp.com\/hinkelstein.ch\/blog\/wp-content\/uploads\/2015\/12\/IMG_0276.jpg?resize=1024%2C768 1024w\" sizes=\"(max-width: 1000px) 100vw, 1000px\" data-attachment-id=\"310\" data-permalink=\"http:\/\/hinkelstein.ch\/blog\/img_0276\/\" data-orig-file=\"https:\/\/i0.wp.com\/hinkelstein.ch\/blog\/wp-content\/uploads\/2015\/12\/IMG_0276.jpg?fit=1280%2C960\" data-orig-size=\"1280,960\" data-comments-opened=\"1\" data-image-meta=\"{&quot;aperture&quot;:&quot;2.4&quot;,&quot;credit&quot;:&quot;&quot;,&quot;camera&quot;:&quot;iPhone 4S&quot;,&quot;caption&quot;:&quot;&quot;,&quot;created_timestamp&quot;:&quot;1440877537&quot;,&quot;copyright&quot;:&quot;&quot;,&quot;focal_length&quot;:&quot;4.28&quot;,&quot;iso&quot;:&quot;50&quot;,&quot;shutter_speed&quot;:&quot;0.033333333333333&quot;,&quot;title&quot;:&quot;&quot;,&quot;orientation&quot;:&quot;1&quot;}\" data-image-title=\"15-trockendock-belastung-1\" data-image-description=\"\" data-image-caption=\"&lt;p&gt;Die erste Belastungsprobe war erfolgrecih&lt;\/p&gt;\n\" data-medium-file=\"https:\/\/i0.wp.com\/hinkelstein.ch\/blog\/wp-content\/uploads\/2015\/12\/IMG_0276.jpg?fit=300%2C225\" data-large-file=\"https:\/\/i0.wp.com\/hinkelstein.ch\/blog\/wp-content\/uploads\/2015\/12\/IMG_0276.jpg?fit=1024%2C768\" \/><\/a>\n\t\t\t<\/dt>\n\t\t\t\t<dd class='wp-caption-text gallery-caption' id='gallery-1-310'>\n\t\t\t\tDie erste Belastungsprobe war erfolgrecih\n\t\t\t\t<\/dd><\/dl><br style=\"clear: both\" \/><dl class='gallery-item'>\n\t\t\t<dt class='gallery-icon landscape'>\n\t\t\t\t<a href='http:\/\/hinkelstein.ch\/blog\/img_0274\/'><img loading=\"lazy\" decoding=\"async\" width=\"1024\" height=\"768\" src=\"https:\/\/i0.wp.com\/hinkelstein.ch\/blog\/wp-content\/uploads\/2015\/12\/IMG_0274.jpg?fit=1024%2C768\" class=\"attachment-large size-large\" alt=\"\" srcset=\"https:\/\/i0.wp.com\/hinkelstein.ch\/blog\/wp-content\/uploads\/2015\/12\/IMG_0274.jpg?w=1280 1280w, https:\/\/i0.wp.com\/hinkelstein.ch\/blog\/wp-content\/uploads\/2015\/12\/IMG_0274.jpg?resize=200%2C150 200w, https:\/\/i0.wp.com\/hinkelstein.ch\/blog\/wp-content\/uploads\/2015\/12\/IMG_0274.jpg?resize=300%2C225 300w, https:\/\/i0.wp.com\/hinkelstein.ch\/blog\/wp-content\/uploads\/2015\/12\/IMG_0274.jpg?resize=768%2C576 768w, https:\/\/i0.wp.com\/hinkelstein.ch\/blog\/wp-content\/uploads\/2015\/12\/IMG_0274.jpg?resize=1024%2C768 1024w\" sizes=\"(max-width: 1000px) 100vw, 1000px\" data-attachment-id=\"309\" data-permalink=\"http:\/\/hinkelstein.ch\/blog\/img_0274\/\" data-orig-file=\"https:\/\/i0.wp.com\/hinkelstein.ch\/blog\/wp-content\/uploads\/2015\/12\/IMG_0274.jpg?fit=1280%2C960\" data-orig-size=\"1280,960\" data-comments-opened=\"1\" data-image-meta=\"{&quot;aperture&quot;:&quot;2.4&quot;,&quot;credit&quot;:&quot;&quot;,&quot;camera&quot;:&quot;iPhone 4S&quot;,&quot;caption&quot;:&quot;&quot;,&quot;created_timestamp&quot;:&quot;1440877439&quot;,&quot;copyright&quot;:&quot;&quot;,&quot;focal_length&quot;:&quot;4.28&quot;,&quot;iso&quot;:&quot;50&quot;,&quot;shutter_speed&quot;:&quot;0.016666666666667&quot;,&quot;title&quot;:&quot;&quot;,&quot;orientation&quot;:&quot;1&quot;}\" data-image-title=\"16-trockendock-belastung-2\" data-image-description=\"\" data-image-caption=\"\" data-medium-file=\"https:\/\/i0.wp.com\/hinkelstein.ch\/blog\/wp-content\/uploads\/2015\/12\/IMG_0274.jpg?fit=300%2C225\" data-large-file=\"https:\/\/i0.wp.com\/hinkelstein.ch\/blog\/wp-content\/uploads\/2015\/12\/IMG_0274.jpg?fit=1024%2C768\" \/><\/a>\n\t\t\t<\/dt><\/dl><br style=\"clear: both\" \/>\n\t\t<\/div>\n\n<p>Damit die AVA &#8211; der zuk\u00fcnrtige Name der Tahowa\u00a0 &#8211; in unmittelbarer N\u00e4he des heutigen Eigners weiter umgebaut werden konnte, brauchte es eine aufw\u00e4ndig konstruiertes Podest, damit die 3.5 Tonnen auch in einer schr\u00e4gen Einfahrt im Lot standen. Nach Fertigstellung des Podest wurde zuerst ein Belastungstest gefahren, welcher hier im Zeitraffer zu sehen ist:<\/p>\n<p><span class=\"embed-youtube\" style=\"text-align:center; display: block;\"><iframe loading=\"lazy\" class=\"youtube-player\" width=\"640\" height=\"360\" src=\"https:\/\/www.youtube.com\/embed\/NcNULAm06_4?version=3&#038;rel=1&#038;showsearch=0&#038;showinfo=1&#038;iv_load_policy=1&#038;fs=1&#038;hl=de-DE&#038;autohide=2&#038;wmode=transparent\" allowfullscreen=\"true\" style=\"border:0;\" sandbox=\"allow-scripts allow-same-origin allow-popups allow-presentation allow-popups-to-escape-sandbox\"><\/iframe><\/span><\/p>\n<p><strong>Der Transport<\/strong><\/p>\n<p>Am 5.9.2105 wurde dann die AVA transportbereit, so dass sie auf dem Landweg ihre n\u00e4chste Reise antreten konnte. Dies war f\u00fcr alle Beteiligten ein auffregender Moment und brauchte neben potenten Zugfahrzeugen auch eine geh\u00f6rige\u00a0 Portion an kr\u00e4ftigen Armen, insbesondere um den 12 m langen Mast auf der AVA zu befestigen und ihn anschliessend wieder herunterzuholen.<\/p>\n\n\t\t<style type=\"text\/css\">\n\t\t\t#gallery-2 {\n\t\t\t\tmargin: auto;\n\t\t\t}\n\t\t\t#gallery-2 .gallery-item {\n\t\t\t\tfloat: left;\n\t\t\t\tmargin-top: 10px;\n\t\t\t\ttext-align: center;\n\t\t\t\twidth: 100%;\n\t\t\t}\n\t\t\t#gallery-2 img {\n\t\t\t\tborder: 2px solid #cfcfcf;\n\t\t\t}\n\t\t\t#gallery-2 .gallery-caption {\n\t\t\t\tmargin-left: 0;\n\t\t\t}\n\t\t\t\/* see gallery_shortcode() in wp-includes\/media.php *\/\n\t\t<\/style>\n\t\t<div data-carousel-extra='{\"blog_id\":1,\"permalink\":\"http:\\\/\\\/hinkelstein.ch\\\/blog\\\/ava\\\/refit-uebersicht\\\/ein-neues-zuhause\\\/\"}' id='gallery-2' class='gallery galleryid-287 gallery-columns-1 gallery-size-large'><dl class='gallery-item'>\n\t\t\t<dt class='gallery-icon portrait'>\n\t\t\t\t<a href='http:\/\/hinkelstein.ch\/blog\/01-transport\/'><img loading=\"lazy\" decoding=\"async\" width=\"768\" height=\"1024\" src=\"https:\/\/i0.wp.com\/hinkelstein.ch\/blog\/wp-content\/uploads\/2015\/12\/01-transport.jpg?fit=768%2C1024\" class=\"attachment-large size-large\" alt=\"\" aria-describedby=\"gallery-2-326\" srcset=\"https:\/\/i0.wp.com\/hinkelstein.ch\/blog\/wp-content\/uploads\/2015\/12\/01-transport.jpg?w=960 960w, https:\/\/i0.wp.com\/hinkelstein.ch\/blog\/wp-content\/uploads\/2015\/12\/01-transport.jpg?resize=225%2C300 225w, https:\/\/i0.wp.com\/hinkelstein.ch\/blog\/wp-content\/uploads\/2015\/12\/01-transport.jpg?resize=768%2C1024 768w\" sizes=\"(max-width: 768px) 100vw, 768px\" data-attachment-id=\"326\" data-permalink=\"http:\/\/hinkelstein.ch\/blog\/01-transport\/\" data-orig-file=\"https:\/\/i0.wp.com\/hinkelstein.ch\/blog\/wp-content\/uploads\/2015\/12\/01-transport.jpg?fit=960%2C1280\" data-orig-size=\"960,1280\" data-comments-opened=\"1\" data-image-meta=\"{&quot;aperture&quot;:&quot;2.4&quot;,&quot;credit&quot;:&quot;&quot;,&quot;camera&quot;:&quot;iPhone 4S&quot;,&quot;caption&quot;:&quot;&quot;,&quot;created_timestamp&quot;:&quot;1441443853&quot;,&quot;copyright&quot;:&quot;&quot;,&quot;focal_length&quot;:&quot;4.28&quot;,&quot;iso&quot;:&quot;50&quot;,&quot;shutter_speed&quot;:&quot;0.001865671641791&quot;,&quot;title&quot;:&quot;&quot;,&quot;orientation&quot;:&quot;1&quot;}\" data-image-title=\"01-transport\" data-image-description=\"\" data-image-caption=\"&lt;p&gt;Der Mast wird befestigt&lt;\/p&gt;\n\" data-medium-file=\"https:\/\/i0.wp.com\/hinkelstein.ch\/blog\/wp-content\/uploads\/2015\/12\/01-transport.jpg?fit=225%2C300\" data-large-file=\"https:\/\/i0.wp.com\/hinkelstein.ch\/blog\/wp-content\/uploads\/2015\/12\/01-transport.jpg?fit=768%2C1024\" \/><\/a>\n\t\t\t<\/dt>\n\t\t\t\t<dd class='wp-caption-text gallery-caption' id='gallery-2-326'>\n\t\t\t\tDer Mast wird befestigt\n\t\t\t\t<\/dd><\/dl><br style=\"clear: both\" \/><dl class='gallery-item'>\n\t\t\t<dt class='gallery-icon landscape'>\n\t\t\t\t<a href='http:\/\/hinkelstein.ch\/blog\/02-transport\/'><img loading=\"lazy\" decoding=\"async\" width=\"1024\" height=\"682\" src=\"https:\/\/i0.wp.com\/hinkelstein.ch\/blog\/wp-content\/uploads\/2015\/12\/02-transport.jpg?fit=1024%2C682\" class=\"attachment-large size-large\" alt=\"\" aria-describedby=\"gallery-2-327\" srcset=\"https:\/\/i0.wp.com\/hinkelstein.ch\/blog\/wp-content\/uploads\/2015\/12\/02-transport.jpg?w=1280 1280w, https:\/\/i0.wp.com\/hinkelstein.ch\/blog\/wp-content\/uploads\/2015\/12\/02-transport.jpg?resize=300%2C200 300w, https:\/\/i0.wp.com\/hinkelstein.ch\/blog\/wp-content\/uploads\/2015\/12\/02-transport.jpg?resize=768%2C512 768w, https:\/\/i0.wp.com\/hinkelstein.ch\/blog\/wp-content\/uploads\/2015\/12\/02-transport.jpg?resize=1024%2C682 1024w\" sizes=\"(max-width: 1000px) 100vw, 1000px\" data-attachment-id=\"327\" data-permalink=\"http:\/\/hinkelstein.ch\/blog\/02-transport\/\" data-orig-file=\"https:\/\/i0.wp.com\/hinkelstein.ch\/blog\/wp-content\/uploads\/2015\/12\/02-transport.jpg?fit=1280%2C853\" data-orig-size=\"1280,853\" data-comments-opened=\"1\" data-image-meta=\"{&quot;aperture&quot;:&quot;9&quot;,&quot;credit&quot;:&quot;&quot;,&quot;camera&quot;:&quot;Canon EOS 450D&quot;,&quot;caption&quot;:&quot;&quot;,&quot;created_timestamp&quot;:&quot;1441450771&quot;,&quot;copyright&quot;:&quot;&quot;,&quot;focal_length&quot;:&quot;18&quot;,&quot;iso&quot;:&quot;200&quot;,&quot;shutter_speed&quot;:&quot;0.005&quot;,&quot;title&quot;:&quot;&quot;,&quot;orientation&quot;:&quot;1&quot;}\" data-image-title=\"02-transport\" data-image-description=\"\" data-image-caption=\"&lt;p&gt;Zur &#8222;\u00dcberf\u00fchrung&#8220; bereit&lt;\/p&gt;\n\" data-medium-file=\"https:\/\/i0.wp.com\/hinkelstein.ch\/blog\/wp-content\/uploads\/2015\/12\/02-transport.jpg?fit=300%2C200\" data-large-file=\"https:\/\/i0.wp.com\/hinkelstein.ch\/blog\/wp-content\/uploads\/2015\/12\/02-transport.jpg?fit=1024%2C682\" \/><\/a>\n\t\t\t<\/dt>\n\t\t\t\t<dd class='wp-caption-text gallery-caption' id='gallery-2-327'>\n\t\t\t\tZur &#8222;\u00dcberf\u00fchrung&#8220; bereit\n\t\t\t\t<\/dd><\/dl><br style=\"clear: both\" \/><dl class='gallery-item'>\n\t\t\t<dt class='gallery-icon landscape'>\n\t\t\t\t<a href='http:\/\/hinkelstein.ch\/blog\/03-transport\/'><img loading=\"lazy\" decoding=\"async\" width=\"1024\" height=\"768\" src=\"https:\/\/i0.wp.com\/hinkelstein.ch\/blog\/wp-content\/uploads\/2015\/12\/03-transport.jpg?fit=1024%2C768\" class=\"attachment-large size-large\" alt=\"\" aria-describedby=\"gallery-2-328\" srcset=\"https:\/\/i0.wp.com\/hinkelstein.ch\/blog\/wp-content\/uploads\/2015\/12\/03-transport.jpg?w=1280 1280w, https:\/\/i0.wp.com\/hinkelstein.ch\/blog\/wp-content\/uploads\/2015\/12\/03-transport.jpg?resize=200%2C150 200w, https:\/\/i0.wp.com\/hinkelstein.ch\/blog\/wp-content\/uploads\/2015\/12\/03-transport.jpg?resize=300%2C225 300w, https:\/\/i0.wp.com\/hinkelstein.ch\/blog\/wp-content\/uploads\/2015\/12\/03-transport.jpg?resize=768%2C576 768w, https:\/\/i0.wp.com\/hinkelstein.ch\/blog\/wp-content\/uploads\/2015\/12\/03-transport.jpg?resize=1024%2C768 1024w\" sizes=\"(max-width: 1000px) 100vw, 1000px\" data-attachment-id=\"328\" data-permalink=\"http:\/\/hinkelstein.ch\/blog\/03-transport\/\" data-orig-file=\"https:\/\/i0.wp.com\/hinkelstein.ch\/blog\/wp-content\/uploads\/2015\/12\/03-transport.jpg?fit=1280%2C960\" data-orig-size=\"1280,960\" data-comments-opened=\"1\" data-image-meta=\"{&quot;aperture&quot;:&quot;2.4&quot;,&quot;credit&quot;:&quot;&quot;,&quot;camera&quot;:&quot;iPhone 4S&quot;,&quot;caption&quot;:&quot;&quot;,&quot;created_timestamp&quot;:&quot;1441552015&quot;,&quot;copyright&quot;:&quot;&quot;,&quot;focal_length&quot;:&quot;4.28&quot;,&quot;iso&quot;:&quot;50&quot;,&quot;shutter_speed&quot;:&quot;0.0079365079365079&quot;,&quot;title&quot;:&quot;&quot;,&quot;orientation&quot;:&quot;1&quot;}\" data-image-title=\"03-transport\" data-image-description=\"\" data-image-caption=\"&lt;p&gt;Das Auto gef\u00fcllt mit Bestandteilen&lt;\/p&gt;\n\" data-medium-file=\"https:\/\/i0.wp.com\/hinkelstein.ch\/blog\/wp-content\/uploads\/2015\/12\/03-transport.jpg?fit=300%2C225\" data-large-file=\"https:\/\/i0.wp.com\/hinkelstein.ch\/blog\/wp-content\/uploads\/2015\/12\/03-transport.jpg?fit=1024%2C768\" \/><\/a>\n\t\t\t<\/dt>\n\t\t\t\t<dd class='wp-caption-text gallery-caption' id='gallery-2-328'>\n\t\t\t\tDas Auto gef\u00fcllt mit Bestandteilen\n\t\t\t\t<\/dd><\/dl><br style=\"clear: both\" \/><dl class='gallery-item'>\n\t\t\t<dt class='gallery-icon landscape'>\n\t\t\t\t<a href='http:\/\/hinkelstein.ch\/blog\/04-transport\/'><img loading=\"lazy\" decoding=\"async\" width=\"1024\" height=\"768\" src=\"https:\/\/i0.wp.com\/hinkelstein.ch\/blog\/wp-content\/uploads\/2015\/12\/04-transport.jpg?fit=1024%2C768\" class=\"attachment-large size-large\" alt=\"\" aria-describedby=\"gallery-2-329\" srcset=\"https:\/\/i0.wp.com\/hinkelstein.ch\/blog\/wp-content\/uploads\/2015\/12\/04-transport.jpg?w=1280 1280w, https:\/\/i0.wp.com\/hinkelstein.ch\/blog\/wp-content\/uploads\/2015\/12\/04-transport.jpg?resize=200%2C150 200w, https:\/\/i0.wp.com\/hinkelstein.ch\/blog\/wp-content\/uploads\/2015\/12\/04-transport.jpg?resize=300%2C225 300w, https:\/\/i0.wp.com\/hinkelstein.ch\/blog\/wp-content\/uploads\/2015\/12\/04-transport.jpg?resize=768%2C576 768w, https:\/\/i0.wp.com\/hinkelstein.ch\/blog\/wp-content\/uploads\/2015\/12\/04-transport.jpg?resize=1024%2C768 1024w\" sizes=\"(max-width: 1000px) 100vw, 1000px\" data-attachment-id=\"329\" data-permalink=\"http:\/\/hinkelstein.ch\/blog\/04-transport\/\" data-orig-file=\"https:\/\/i0.wp.com\/hinkelstein.ch\/blog\/wp-content\/uploads\/2015\/12\/04-transport.jpg?fit=1280%2C960\" data-orig-size=\"1280,960\" data-comments-opened=\"1\" data-image-meta=\"{&quot;aperture&quot;:&quot;2.4&quot;,&quot;credit&quot;:&quot;&quot;,&quot;camera&quot;:&quot;iPhone 4S&quot;,&quot;caption&quot;:&quot;&quot;,&quot;created_timestamp&quot;:&quot;1441552020&quot;,&quot;copyright&quot;:&quot;&quot;,&quot;focal_length&quot;:&quot;4.28&quot;,&quot;iso&quot;:&quot;50&quot;,&quot;shutter_speed&quot;:&quot;0.041666666666667&quot;,&quot;title&quot;:&quot;&quot;,&quot;orientation&quot;:&quot;1&quot;}\" data-image-title=\"04-transport\" data-image-description=\"\" data-image-caption=\"&lt;p&gt;Alles dabei?&lt;\/p&gt;\n\" data-medium-file=\"https:\/\/i0.wp.com\/hinkelstein.ch\/blog\/wp-content\/uploads\/2015\/12\/04-transport.jpg?fit=300%2C225\" data-large-file=\"https:\/\/i0.wp.com\/hinkelstein.ch\/blog\/wp-content\/uploads\/2015\/12\/04-transport.jpg?fit=1024%2C768\" \/><\/a>\n\t\t\t<\/dt>\n\t\t\t\t<dd class='wp-caption-text gallery-caption' id='gallery-2-329'>\n\t\t\t\tAlles dabei?\n\t\t\t\t<\/dd><\/dl><br style=\"clear: both\" \/><dl class='gallery-item'>\n\t\t\t<dt class='gallery-icon landscape'>\n\t\t\t\t<a href='http:\/\/hinkelstein.ch\/blog\/05-transport\/'><img loading=\"lazy\" decoding=\"async\" width=\"1024\" height=\"682\" src=\"https:\/\/i0.wp.com\/hinkelstein.ch\/blog\/wp-content\/uploads\/2015\/12\/05-transport.jpg?fit=1024%2C682\" class=\"attachment-large size-large\" alt=\"\" aria-describedby=\"gallery-2-330\" srcset=\"https:\/\/i0.wp.com\/hinkelstein.ch\/blog\/wp-content\/uploads\/2015\/12\/05-transport.jpg?w=1280 1280w, https:\/\/i0.wp.com\/hinkelstein.ch\/blog\/wp-content\/uploads\/2015\/12\/05-transport.jpg?resize=300%2C200 300w, https:\/\/i0.wp.com\/hinkelstein.ch\/blog\/wp-content\/uploads\/2015\/12\/05-transport.jpg?resize=768%2C512 768w, https:\/\/i0.wp.com\/hinkelstein.ch\/blog\/wp-content\/uploads\/2015\/12\/05-transport.jpg?resize=1024%2C682 1024w\" sizes=\"(max-width: 1000px) 100vw, 1000px\" data-attachment-id=\"330\" data-permalink=\"http:\/\/hinkelstein.ch\/blog\/05-transport\/\" data-orig-file=\"https:\/\/i0.wp.com\/hinkelstein.ch\/blog\/wp-content\/uploads\/2015\/12\/05-transport.jpg?fit=1280%2C853\" data-orig-size=\"1280,853\" data-comments-opened=\"1\" data-image-meta=\"{&quot;aperture&quot;:&quot;8&quot;,&quot;credit&quot;:&quot;&quot;,&quot;camera&quot;:&quot;Canon EOS 450D&quot;,&quot;caption&quot;:&quot;&quot;,&quot;created_timestamp&quot;:&quot;1441451774&quot;,&quot;copyright&quot;:&quot;&quot;,&quot;focal_length&quot;:&quot;25&quot;,&quot;iso&quot;:&quot;200&quot;,&quot;shutter_speed&quot;:&quot;0.008&quot;,&quot;title&quot;:&quot;&quot;,&quot;orientation&quot;:&quot;1&quot;}\" data-image-title=\"05-transport\" data-image-description=\"\" data-image-caption=\"&lt;p&gt;Im R\u00fcckspiegel zu sehen das Gespann auf der Autobahn&lt;\/p&gt;\n\" data-medium-file=\"https:\/\/i0.wp.com\/hinkelstein.ch\/blog\/wp-content\/uploads\/2015\/12\/05-transport.jpg?fit=300%2C200\" data-large-file=\"https:\/\/i0.wp.com\/hinkelstein.ch\/blog\/wp-content\/uploads\/2015\/12\/05-transport.jpg?fit=1024%2C682\" \/><\/a>\n\t\t\t<\/dt>\n\t\t\t\t<dd class='wp-caption-text gallery-caption' id='gallery-2-330'>\n\t\t\t\tIm R\u00fcckspiegel zu sehen das Gespann auf der Autobahn\n\t\t\t\t<\/dd><\/dl><br style=\"clear: both\" \/><dl class='gallery-item'>\n\t\t\t<dt class='gallery-icon landscape'>\n\t\t\t\t<a href='http:\/\/hinkelstein.ch\/blog\/06-transport\/'><img loading=\"lazy\" decoding=\"async\" width=\"1024\" height=\"768\" src=\"https:\/\/i0.wp.com\/hinkelstein.ch\/blog\/wp-content\/uploads\/2015\/12\/06-transport.jpg?fit=1024%2C768\" class=\"attachment-large size-large\" alt=\"\" aria-describedby=\"gallery-2-331\" srcset=\"https:\/\/i0.wp.com\/hinkelstein.ch\/blog\/wp-content\/uploads\/2015\/12\/06-transport.jpg?w=1280 1280w, https:\/\/i0.wp.com\/hinkelstein.ch\/blog\/wp-content\/uploads\/2015\/12\/06-transport.jpg?resize=200%2C150 200w, https:\/\/i0.wp.com\/hinkelstein.ch\/blog\/wp-content\/uploads\/2015\/12\/06-transport.jpg?resize=300%2C225 300w, https:\/\/i0.wp.com\/hinkelstein.ch\/blog\/wp-content\/uploads\/2015\/12\/06-transport.jpg?resize=768%2C576 768w, https:\/\/i0.wp.com\/hinkelstein.ch\/blog\/wp-content\/uploads\/2015\/12\/06-transport.jpg?resize=1024%2C768 1024w\" sizes=\"(max-width: 1000px) 100vw, 1000px\" data-attachment-id=\"331\" data-permalink=\"http:\/\/hinkelstein.ch\/blog\/06-transport\/\" data-orig-file=\"https:\/\/i0.wp.com\/hinkelstein.ch\/blog\/wp-content\/uploads\/2015\/12\/06-transport.jpg?fit=1280%2C960\" data-orig-size=\"1280,960\" data-comments-opened=\"1\" data-image-meta=\"{&quot;aperture&quot;:&quot;2.4&quot;,&quot;credit&quot;:&quot;&quot;,&quot;camera&quot;:&quot;iPhone 4S&quot;,&quot;caption&quot;:&quot;&quot;,&quot;created_timestamp&quot;:&quot;1441460052&quot;,&quot;copyright&quot;:&quot;&quot;,&quot;focal_length&quot;:&quot;4.28&quot;,&quot;iso&quot;:&quot;50&quot;,&quot;shutter_speed&quot;:&quot;0.0011415525114155&quot;,&quot;title&quot;:&quot;&quot;,&quot;orientation&quot;:&quot;1&quot;}\" data-image-title=\"06-transport\" data-image-description=\"\" data-image-caption=\"&lt;p&gt;Kurz vor dem Ziel, Mittagspause&lt;\/p&gt;\n\" data-medium-file=\"https:\/\/i0.wp.com\/hinkelstein.ch\/blog\/wp-content\/uploads\/2015\/12\/06-transport.jpg?fit=300%2C225\" data-large-file=\"https:\/\/i0.wp.com\/hinkelstein.ch\/blog\/wp-content\/uploads\/2015\/12\/06-transport.jpg?fit=1024%2C768\" \/><\/a>\n\t\t\t<\/dt>\n\t\t\t\t<dd class='wp-caption-text gallery-caption' id='gallery-2-331'>\n\t\t\t\tKurz vor dem Ziel, Mittagspause\n\t\t\t\t<\/dd><\/dl><br style=\"clear: both\" \/><dl class='gallery-item'>\n\t\t\t<dt class='gallery-icon landscape'>\n\t\t\t\t<a href='http:\/\/hinkelstein.ch\/blog\/07-transport\/'><img loading=\"lazy\" decoding=\"async\" width=\"1024\" height=\"682\" src=\"https:\/\/i0.wp.com\/hinkelstein.ch\/blog\/wp-content\/uploads\/2015\/12\/07-transport.jpg?fit=1024%2C682\" class=\"attachment-large size-large\" alt=\"\" aria-describedby=\"gallery-2-332\" srcset=\"https:\/\/i0.wp.com\/hinkelstein.ch\/blog\/wp-content\/uploads\/2015\/12\/07-transport.jpg?w=1280 1280w, https:\/\/i0.wp.com\/hinkelstein.ch\/blog\/wp-content\/uploads\/2015\/12\/07-transport.jpg?resize=300%2C200 300w, https:\/\/i0.wp.com\/hinkelstein.ch\/blog\/wp-content\/uploads\/2015\/12\/07-transport.jpg?resize=768%2C512 768w, https:\/\/i0.wp.com\/hinkelstein.ch\/blog\/wp-content\/uploads\/2015\/12\/07-transport.jpg?resize=1024%2C682 1024w\" sizes=\"(max-width: 1000px) 100vw, 1000px\" data-attachment-id=\"332\" data-permalink=\"http:\/\/hinkelstein.ch\/blog\/07-transport\/\" data-orig-file=\"https:\/\/i0.wp.com\/hinkelstein.ch\/blog\/wp-content\/uploads\/2015\/12\/07-transport.jpg?fit=1280%2C853\" data-orig-size=\"1280,853\" data-comments-opened=\"1\" data-image-meta=\"{&quot;aperture&quot;:&quot;9&quot;,&quot;credit&quot;:&quot;&quot;,&quot;camera&quot;:&quot;Canon EOS 450D&quot;,&quot;caption&quot;:&quot;&quot;,&quot;created_timestamp&quot;:&quot;1441463532&quot;,&quot;copyright&quot;:&quot;&quot;,&quot;focal_length&quot;:&quot;20&quot;,&quot;iso&quot;:&quot;200&quot;,&quot;shutter_speed&quot;:&quot;0.005&quot;,&quot;title&quot;:&quot;&quot;,&quot;orientation&quot;:&quot;1&quot;}\" data-image-title=\"07-transport\" data-image-description=\"\" data-image-caption=\"&lt;p&gt;Fachsimpeln: Wie soll &#8222;eingeparkt&#8220; werden?&lt;\/p&gt;\n\" data-medium-file=\"https:\/\/i0.wp.com\/hinkelstein.ch\/blog\/wp-content\/uploads\/2015\/12\/07-transport.jpg?fit=300%2C200\" data-large-file=\"https:\/\/i0.wp.com\/hinkelstein.ch\/blog\/wp-content\/uploads\/2015\/12\/07-transport.jpg?fit=1024%2C682\" \/><\/a>\n\t\t\t<\/dt>\n\t\t\t\t<dd class='wp-caption-text gallery-caption' id='gallery-2-332'>\n\t\t\t\tFachsimpeln: Wie soll &#8222;eingeparkt&#8220; werden?\n\t\t\t\t<\/dd><\/dl><br style=\"clear: both\" \/><dl class='gallery-item'>\n\t\t\t<dt class='gallery-icon landscape'>\n\t\t\t\t<a href='http:\/\/hinkelstein.ch\/blog\/08-transport\/'><img loading=\"lazy\" decoding=\"async\" width=\"1024\" height=\"682\" src=\"https:\/\/i0.wp.com\/hinkelstein.ch\/blog\/wp-content\/uploads\/2015\/12\/08-transport.jpg?fit=1024%2C682\" class=\"attachment-large size-large\" alt=\"\" aria-describedby=\"gallery-2-333\" srcset=\"https:\/\/i0.wp.com\/hinkelstein.ch\/blog\/wp-content\/uploads\/2015\/12\/08-transport.jpg?w=1280 1280w, https:\/\/i0.wp.com\/hinkelstein.ch\/blog\/wp-content\/uploads\/2015\/12\/08-transport.jpg?resize=300%2C200 300w, https:\/\/i0.wp.com\/hinkelstein.ch\/blog\/wp-content\/uploads\/2015\/12\/08-transport.jpg?resize=768%2C512 768w, https:\/\/i0.wp.com\/hinkelstein.ch\/blog\/wp-content\/uploads\/2015\/12\/08-transport.jpg?resize=1024%2C682 1024w\" sizes=\"(max-width: 1000px) 100vw, 1000px\" data-attachment-id=\"333\" data-permalink=\"http:\/\/hinkelstein.ch\/blog\/08-transport\/\" data-orig-file=\"https:\/\/i0.wp.com\/hinkelstein.ch\/blog\/wp-content\/uploads\/2015\/12\/08-transport.jpg?fit=1280%2C853\" data-orig-size=\"1280,853\" data-comments-opened=\"1\" data-image-meta=\"{&quot;aperture&quot;:&quot;8&quot;,&quot;credit&quot;:&quot;&quot;,&quot;camera&quot;:&quot;Canon EOS 450D&quot;,&quot;caption&quot;:&quot;&quot;,&quot;created_timestamp&quot;:&quot;1441464669&quot;,&quot;copyright&quot;:&quot;&quot;,&quot;focal_length&quot;:&quot;18&quot;,&quot;iso&quot;:&quot;200&quot;,&quot;shutter_speed&quot;:&quot;0.00625&quot;,&quot;title&quot;:&quot;&quot;,&quot;orientation&quot;:&quot;1&quot;}\" data-image-title=\"08-transport\" data-image-description=\"\" data-image-caption=\"&lt;p&gt;Los gehts, die letzten, schwierigsten 100m&lt;\/p&gt;\n\" data-medium-file=\"https:\/\/i0.wp.com\/hinkelstein.ch\/blog\/wp-content\/uploads\/2015\/12\/08-transport.jpg?fit=300%2C200\" data-large-file=\"https:\/\/i0.wp.com\/hinkelstein.ch\/blog\/wp-content\/uploads\/2015\/12\/08-transport.jpg?fit=1024%2C682\" \/><\/a>\n\t\t\t<\/dt>\n\t\t\t\t<dd class='wp-caption-text gallery-caption' id='gallery-2-333'>\n\t\t\t\tLos gehts, die letzten, schwierigsten 100m\n\t\t\t\t<\/dd><\/dl><br style=\"clear: both\" \/><dl class='gallery-item'>\n\t\t\t<dt class='gallery-icon landscape'>\n\t\t\t\t<a href='http:\/\/hinkelstein.ch\/blog\/09-transport\/'><img loading=\"lazy\" decoding=\"async\" width=\"1024\" height=\"682\" src=\"https:\/\/i0.wp.com\/hinkelstein.ch\/blog\/wp-content\/uploads\/2015\/12\/09-transport.jpg?fit=1024%2C682\" class=\"attachment-large size-large\" alt=\"\" aria-describedby=\"gallery-2-334\" srcset=\"https:\/\/i0.wp.com\/hinkelstein.ch\/blog\/wp-content\/uploads\/2015\/12\/09-transport.jpg?w=1280 1280w, https:\/\/i0.wp.com\/hinkelstein.ch\/blog\/wp-content\/uploads\/2015\/12\/09-transport.jpg?resize=300%2C200 300w, https:\/\/i0.wp.com\/hinkelstein.ch\/blog\/wp-content\/uploads\/2015\/12\/09-transport.jpg?resize=768%2C512 768w, https:\/\/i0.wp.com\/hinkelstein.ch\/blog\/wp-content\/uploads\/2015\/12\/09-transport.jpg?resize=1024%2C682 1024w\" sizes=\"(max-width: 1000px) 100vw, 1000px\" data-attachment-id=\"334\" data-permalink=\"http:\/\/hinkelstein.ch\/blog\/09-transport\/\" data-orig-file=\"https:\/\/i0.wp.com\/hinkelstein.ch\/blog\/wp-content\/uploads\/2015\/12\/09-transport.jpg?fit=1280%2C853\" data-orig-size=\"1280,853\" data-comments-opened=\"1\" data-image-meta=\"{&quot;aperture&quot;:&quot;11&quot;,&quot;credit&quot;:&quot;&quot;,&quot;camera&quot;:&quot;Canon EOS 450D&quot;,&quot;caption&quot;:&quot;&quot;,&quot;created_timestamp&quot;:&quot;1441464695&quot;,&quot;copyright&quot;:&quot;&quot;,&quot;focal_length&quot;:&quot;47&quot;,&quot;iso&quot;:&quot;200&quot;,&quot;shutter_speed&quot;:&quot;0.005&quot;,&quot;title&quot;:&quot;&quot;,&quot;orientation&quot;:&quot;1&quot;}\" data-image-title=\"09-transport\" data-image-description=\"\" data-image-caption=\"&lt;p&gt;Die Kurve gekriegt!&lt;\/p&gt;\n\" data-medium-file=\"https:\/\/i0.wp.com\/hinkelstein.ch\/blog\/wp-content\/uploads\/2015\/12\/09-transport.jpg?fit=300%2C200\" data-large-file=\"https:\/\/i0.wp.com\/hinkelstein.ch\/blog\/wp-content\/uploads\/2015\/12\/09-transport.jpg?fit=1024%2C682\" \/><\/a>\n\t\t\t<\/dt>\n\t\t\t\t<dd class='wp-caption-text gallery-caption' id='gallery-2-334'>\n\t\t\t\tDie Kurve gekriegt!\n\t\t\t\t<\/dd><\/dl><br style=\"clear: both\" \/><dl class='gallery-item'>\n\t\t\t<dt class='gallery-icon landscape'>\n\t\t\t\t<a href='http:\/\/hinkelstein.ch\/blog\/10-transport\/'><img loading=\"lazy\" decoding=\"async\" width=\"1024\" height=\"682\" src=\"https:\/\/i0.wp.com\/hinkelstein.ch\/blog\/wp-content\/uploads\/2015\/12\/10-transport.jpg?fit=1024%2C682\" class=\"attachment-large size-large\" alt=\"\" aria-describedby=\"gallery-2-335\" srcset=\"https:\/\/i0.wp.com\/hinkelstein.ch\/blog\/wp-content\/uploads\/2015\/12\/10-transport.jpg?w=1280 1280w, https:\/\/i0.wp.com\/hinkelstein.ch\/blog\/wp-content\/uploads\/2015\/12\/10-transport.jpg?resize=300%2C200 300w, https:\/\/i0.wp.com\/hinkelstein.ch\/blog\/wp-content\/uploads\/2015\/12\/10-transport.jpg?resize=768%2C512 768w, https:\/\/i0.wp.com\/hinkelstein.ch\/blog\/wp-content\/uploads\/2015\/12\/10-transport.jpg?resize=1024%2C682 1024w\" sizes=\"(max-width: 1000px) 100vw, 1000px\" data-attachment-id=\"335\" data-permalink=\"http:\/\/hinkelstein.ch\/blog\/10-transport\/\" data-orig-file=\"https:\/\/i0.wp.com\/hinkelstein.ch\/blog\/wp-content\/uploads\/2015\/12\/10-transport.jpg?fit=1280%2C853\" data-orig-size=\"1280,853\" data-comments-opened=\"1\" data-image-meta=\"{&quot;aperture&quot;:&quot;8&quot;,&quot;credit&quot;:&quot;&quot;,&quot;camera&quot;:&quot;Canon EOS 450D&quot;,&quot;caption&quot;:&quot;&quot;,&quot;created_timestamp&quot;:&quot;1441464878&quot;,&quot;copyright&quot;:&quot;&quot;,&quot;focal_length&quot;:&quot;18&quot;,&quot;iso&quot;:&quot;200&quot;,&quot;shutter_speed&quot;:&quot;0.00625&quot;,&quot;title&quot;:&quot;&quot;,&quot;orientation&quot;:&quot;1&quot;}\" data-image-title=\"10-transport\" data-image-description=\"\" data-image-caption=\"&lt;p&gt;Kurz vor dem Ziel&lt;\/p&gt;\n\" data-medium-file=\"https:\/\/i0.wp.com\/hinkelstein.ch\/blog\/wp-content\/uploads\/2015\/12\/10-transport.jpg?fit=300%2C200\" data-large-file=\"https:\/\/i0.wp.com\/hinkelstein.ch\/blog\/wp-content\/uploads\/2015\/12\/10-transport.jpg?fit=1024%2C682\" \/><\/a>\n\t\t\t<\/dt>\n\t\t\t\t<dd class='wp-caption-text gallery-caption' id='gallery-2-335'>\n\t\t\t\tKurz vor dem Ziel\n\t\t\t\t<\/dd><\/dl><br style=\"clear: both\" \/><dl class='gallery-item'>\n\t\t\t<dt class='gallery-icon landscape'>\n\t\t\t\t<a href='http:\/\/hinkelstein.ch\/blog\/11-transport\/'><img loading=\"lazy\" decoding=\"async\" width=\"1024\" height=\"682\" src=\"https:\/\/i0.wp.com\/hinkelstein.ch\/blog\/wp-content\/uploads\/2015\/12\/11-transport.jpg?fit=1024%2C682\" class=\"attachment-large size-large\" alt=\"\" aria-describedby=\"gallery-2-336\" srcset=\"https:\/\/i0.wp.com\/hinkelstein.ch\/blog\/wp-content\/uploads\/2015\/12\/11-transport.jpg?w=1280 1280w, https:\/\/i0.wp.com\/hinkelstein.ch\/blog\/wp-content\/uploads\/2015\/12\/11-transport.jpg?resize=300%2C200 300w, https:\/\/i0.wp.com\/hinkelstein.ch\/blog\/wp-content\/uploads\/2015\/12\/11-transport.jpg?resize=768%2C512 768w, https:\/\/i0.wp.com\/hinkelstein.ch\/blog\/wp-content\/uploads\/2015\/12\/11-transport.jpg?resize=1024%2C682 1024w\" sizes=\"(max-width: 1000px) 100vw, 1000px\" data-attachment-id=\"336\" data-permalink=\"http:\/\/hinkelstein.ch\/blog\/11-transport\/\" data-orig-file=\"https:\/\/i0.wp.com\/hinkelstein.ch\/blog\/wp-content\/uploads\/2015\/12\/11-transport.jpg?fit=1280%2C853\" data-orig-size=\"1280,853\" data-comments-opened=\"1\" data-image-meta=\"{&quot;aperture&quot;:&quot;10&quot;,&quot;credit&quot;:&quot;&quot;,&quot;camera&quot;:&quot;Canon EOS 450D&quot;,&quot;caption&quot;:&quot;&quot;,&quot;created_timestamp&quot;:&quot;1441465005&quot;,&quot;copyright&quot;:&quot;&quot;,&quot;focal_length&quot;:&quot;18&quot;,&quot;iso&quot;:&quot;200&quot;,&quot;shutter_speed&quot;:&quot;0.004&quot;,&quot;title&quot;:&quot;&quot;,&quot;orientation&quot;:&quot;1&quot;}\" data-image-title=\"11-transport\" data-image-description=\"\" data-image-caption=\"&lt;p&gt;Der Mast muss runter&lt;\/p&gt;\n\" data-medium-file=\"https:\/\/i0.wp.com\/hinkelstein.ch\/blog\/wp-content\/uploads\/2015\/12\/11-transport.jpg?fit=300%2C200\" data-large-file=\"https:\/\/i0.wp.com\/hinkelstein.ch\/blog\/wp-content\/uploads\/2015\/12\/11-transport.jpg?fit=1024%2C682\" \/><\/a>\n\t\t\t<\/dt>\n\t\t\t\t<dd class='wp-caption-text gallery-caption' id='gallery-2-336'>\n\t\t\t\tDer Mast muss runter\n\t\t\t\t<\/dd><\/dl><br style=\"clear: both\" \/><dl class='gallery-item'>\n\t\t\t<dt class='gallery-icon landscape'>\n\t\t\t\t<a href='http:\/\/hinkelstein.ch\/blog\/12-transport\/'><img loading=\"lazy\" decoding=\"async\" width=\"1024\" height=\"682\" src=\"https:\/\/i0.wp.com\/hinkelstein.ch\/blog\/wp-content\/uploads\/2015\/12\/12-transport.jpg?fit=1024%2C682\" class=\"attachment-large size-large\" alt=\"\" aria-describedby=\"gallery-2-337\" srcset=\"https:\/\/i0.wp.com\/hinkelstein.ch\/blog\/wp-content\/uploads\/2015\/12\/12-transport.jpg?w=1280 1280w, https:\/\/i0.wp.com\/hinkelstein.ch\/blog\/wp-content\/uploads\/2015\/12\/12-transport.jpg?resize=300%2C200 300w, https:\/\/i0.wp.com\/hinkelstein.ch\/blog\/wp-content\/uploads\/2015\/12\/12-transport.jpg?resize=768%2C512 768w, https:\/\/i0.wp.com\/hinkelstein.ch\/blog\/wp-content\/uploads\/2015\/12\/12-transport.jpg?resize=1024%2C682 1024w\" sizes=\"(max-width: 1000px) 100vw, 1000px\" data-attachment-id=\"337\" data-permalink=\"http:\/\/hinkelstein.ch\/blog\/12-transport\/\" data-orig-file=\"https:\/\/i0.wp.com\/hinkelstein.ch\/blog\/wp-content\/uploads\/2015\/12\/12-transport.jpg?fit=1280%2C853\" data-orig-size=\"1280,853\" data-comments-opened=\"1\" data-image-meta=\"{&quot;aperture&quot;:&quot;11&quot;,&quot;credit&quot;:&quot;&quot;,&quot;camera&quot;:&quot;Canon EOS 450D&quot;,&quot;caption&quot;:&quot;&quot;,&quot;created_timestamp&quot;:&quot;1441465145&quot;,&quot;copyright&quot;:&quot;&quot;,&quot;focal_length&quot;:&quot;45&quot;,&quot;iso&quot;:&quot;200&quot;,&quot;shutter_speed&quot;:&quot;0.005&quot;,&quot;title&quot;:&quot;&quot;,&quot;orientation&quot;:&quot;1&quot;}\" data-image-title=\"12-transport\" data-image-description=\"\" data-image-caption=\"&lt;p&gt;Der Mast wird von den Spanngurten gel\u00f6st&lt;\/p&gt;\n\" data-medium-file=\"https:\/\/i0.wp.com\/hinkelstein.ch\/blog\/wp-content\/uploads\/2015\/12\/12-transport.jpg?fit=300%2C200\" data-large-file=\"https:\/\/i0.wp.com\/hinkelstein.ch\/blog\/wp-content\/uploads\/2015\/12\/12-transport.jpg?fit=1024%2C682\" \/><\/a>\n\t\t\t<\/dt>\n\t\t\t\t<dd class='wp-caption-text gallery-caption' id='gallery-2-337'>\n\t\t\t\tDer Mast wird von den Spanngurten gel\u00f6st\n\t\t\t\t<\/dd><\/dl><br style=\"clear: both\" \/><dl class='gallery-item'>\n\t\t\t<dt class='gallery-icon landscape'>\n\t\t\t\t<a href='http:\/\/hinkelstein.ch\/blog\/13-transport\/'><img loading=\"lazy\" decoding=\"async\" width=\"1024\" height=\"682\" src=\"https:\/\/i0.wp.com\/hinkelstein.ch\/blog\/wp-content\/uploads\/2015\/12\/13-transport.jpg?fit=1024%2C682\" class=\"attachment-large size-large\" alt=\"\" aria-describedby=\"gallery-2-338\" srcset=\"https:\/\/i0.wp.com\/hinkelstein.ch\/blog\/wp-content\/uploads\/2015\/12\/13-transport.jpg?w=1280 1280w, https:\/\/i0.wp.com\/hinkelstein.ch\/blog\/wp-content\/uploads\/2015\/12\/13-transport.jpg?resize=300%2C200 300w, https:\/\/i0.wp.com\/hinkelstein.ch\/blog\/wp-content\/uploads\/2015\/12\/13-transport.jpg?resize=768%2C512 768w, https:\/\/i0.wp.com\/hinkelstein.ch\/blog\/wp-content\/uploads\/2015\/12\/13-transport.jpg?resize=1024%2C682 1024w\" sizes=\"(max-width: 1000px) 100vw, 1000px\" data-attachment-id=\"338\" data-permalink=\"http:\/\/hinkelstein.ch\/blog\/13-transport\/\" data-orig-file=\"https:\/\/i0.wp.com\/hinkelstein.ch\/blog\/wp-content\/uploads\/2015\/12\/13-transport.jpg?fit=1280%2C853\" data-orig-size=\"1280,853\" data-comments-opened=\"1\" data-image-meta=\"{&quot;aperture&quot;:&quot;8&quot;,&quot;credit&quot;:&quot;&quot;,&quot;camera&quot;:&quot;Canon EOS 450D&quot;,&quot;caption&quot;:&quot;&quot;,&quot;created_timestamp&quot;:&quot;1441465520&quot;,&quot;copyright&quot;:&quot;&quot;,&quot;focal_length&quot;:&quot;48&quot;,&quot;iso&quot;:&quot;200&quot;,&quot;shutter_speed&quot;:&quot;0.01&quot;,&quot;title&quot;:&quot;&quot;,&quot;orientation&quot;:&quot;1&quot;}\" data-image-title=\"13-transport\" data-image-description=\"\" data-image-caption=\"&lt;p&gt;Ganz sch\u00f6n schwer!&lt;\/p&gt;\n\" data-medium-file=\"https:\/\/i0.wp.com\/hinkelstein.ch\/blog\/wp-content\/uploads\/2015\/12\/13-transport.jpg?fit=300%2C200\" data-large-file=\"https:\/\/i0.wp.com\/hinkelstein.ch\/blog\/wp-content\/uploads\/2015\/12\/13-transport.jpg?fit=1024%2C682\" \/><\/a>\n\t\t\t<\/dt>\n\t\t\t\t<dd class='wp-caption-text gallery-caption' id='gallery-2-338'>\n\t\t\t\tGanz sch\u00f6n schwer!\n\t\t\t\t<\/dd><\/dl><br style=\"clear: both\" \/><dl class='gallery-item'>\n\t\t\t<dt class='gallery-icon landscape'>\n\t\t\t\t<a href='http:\/\/hinkelstein.ch\/blog\/14-transport\/'><img loading=\"lazy\" decoding=\"async\" width=\"1024\" height=\"682\" src=\"https:\/\/i0.wp.com\/hinkelstein.ch\/blog\/wp-content\/uploads\/2015\/12\/14-transport.jpg?fit=1024%2C682\" class=\"attachment-large size-large\" alt=\"\" aria-describedby=\"gallery-2-339\" srcset=\"https:\/\/i0.wp.com\/hinkelstein.ch\/blog\/wp-content\/uploads\/2015\/12\/14-transport.jpg?w=1280 1280w, https:\/\/i0.wp.com\/hinkelstein.ch\/blog\/wp-content\/uploads\/2015\/12\/14-transport.jpg?resize=300%2C200 300w, https:\/\/i0.wp.com\/hinkelstein.ch\/blog\/wp-content\/uploads\/2015\/12\/14-transport.jpg?resize=768%2C512 768w, https:\/\/i0.wp.com\/hinkelstein.ch\/blog\/wp-content\/uploads\/2015\/12\/14-transport.jpg?resize=1024%2C682 1024w\" sizes=\"(max-width: 1000px) 100vw, 1000px\" data-attachment-id=\"339\" data-permalink=\"http:\/\/hinkelstein.ch\/blog\/14-transport\/\" data-orig-file=\"https:\/\/i0.wp.com\/hinkelstein.ch\/blog\/wp-content\/uploads\/2015\/12\/14-transport.jpg?fit=1280%2C853\" data-orig-size=\"1280,853\" data-comments-opened=\"1\" data-image-meta=\"{&quot;aperture&quot;:&quot;7.1&quot;,&quot;credit&quot;:&quot;&quot;,&quot;camera&quot;:&quot;Canon EOS 450D&quot;,&quot;caption&quot;:&quot;&quot;,&quot;created_timestamp&quot;:&quot;1441465755&quot;,&quot;copyright&quot;:&quot;&quot;,&quot;focal_length&quot;:&quot;33&quot;,&quot;iso&quot;:&quot;200&quot;,&quot;shutter_speed&quot;:&quot;0.0125&quot;,&quot;title&quot;:&quot;&quot;,&quot;orientation&quot;:&quot;1&quot;}\" data-image-title=\"14-transport\" data-image-description=\"\" data-image-caption=\"&lt;p&gt;6 Mann in Aktion&lt;\/p&gt;\n\" data-medium-file=\"https:\/\/i0.wp.com\/hinkelstein.ch\/blog\/wp-content\/uploads\/2015\/12\/14-transport.jpg?fit=300%2C200\" data-large-file=\"https:\/\/i0.wp.com\/hinkelstein.ch\/blog\/wp-content\/uploads\/2015\/12\/14-transport.jpg?fit=1024%2C682\" \/><\/a>\n\t\t\t<\/dt>\n\t\t\t\t<dd class='wp-caption-text gallery-caption' id='gallery-2-339'>\n\t\t\t\t6 Mann in Aktion\n\t\t\t\t<\/dd><\/dl><br style=\"clear: both\" \/><dl class='gallery-item'>\n\t\t\t<dt class='gallery-icon landscape'>\n\t\t\t\t<a href='http:\/\/hinkelstein.ch\/blog\/15-transport\/'><img loading=\"lazy\" decoding=\"async\" width=\"1024\" height=\"682\" src=\"https:\/\/i0.wp.com\/hinkelstein.ch\/blog\/wp-content\/uploads\/2015\/12\/15-transport.jpg?fit=1024%2C682\" class=\"attachment-large size-large\" alt=\"\" aria-describedby=\"gallery-2-340\" srcset=\"https:\/\/i0.wp.com\/hinkelstein.ch\/blog\/wp-content\/uploads\/2015\/12\/15-transport.jpg?w=1280 1280w, https:\/\/i0.wp.com\/hinkelstein.ch\/blog\/wp-content\/uploads\/2015\/12\/15-transport.jpg?resize=300%2C200 300w, https:\/\/i0.wp.com\/hinkelstein.ch\/blog\/wp-content\/uploads\/2015\/12\/15-transport.jpg?resize=768%2C512 768w, https:\/\/i0.wp.com\/hinkelstein.ch\/blog\/wp-content\/uploads\/2015\/12\/15-transport.jpg?resize=1024%2C682 1024w\" sizes=\"(max-width: 1000px) 100vw, 1000px\" data-attachment-id=\"340\" data-permalink=\"http:\/\/hinkelstein.ch\/blog\/15-transport\/\" data-orig-file=\"https:\/\/i0.wp.com\/hinkelstein.ch\/blog\/wp-content\/uploads\/2015\/12\/15-transport.jpg?fit=1280%2C853\" data-orig-size=\"1280,853\" data-comments-opened=\"1\" data-image-meta=\"{&quot;aperture&quot;:&quot;6.3&quot;,&quot;credit&quot;:&quot;&quot;,&quot;camera&quot;:&quot;Canon EOS 450D&quot;,&quot;caption&quot;:&quot;&quot;,&quot;created_timestamp&quot;:&quot;1441465844&quot;,&quot;copyright&quot;:&quot;&quot;,&quot;focal_length&quot;:&quot;18&quot;,&quot;iso&quot;:&quot;200&quot;,&quot;shutter_speed&quot;:&quot;0.01&quot;,&quot;title&quot;:&quot;&quot;,&quot;orientation&quot;:&quot;1&quot;}\" data-image-title=\"15-transport\" data-image-description=\"\" data-image-caption=\"&lt;p&gt;Geschafft, der Mast ist unten!&lt;\/p&gt;\n\" data-medium-file=\"https:\/\/i0.wp.com\/hinkelstein.ch\/blog\/wp-content\/uploads\/2015\/12\/15-transport.jpg?fit=300%2C200\" data-large-file=\"https:\/\/i0.wp.com\/hinkelstein.ch\/blog\/wp-content\/uploads\/2015\/12\/15-transport.jpg?fit=1024%2C682\" \/><\/a>\n\t\t\t<\/dt>\n\t\t\t\t<dd class='wp-caption-text gallery-caption' id='gallery-2-340'>\n\t\t\t\tGeschafft, der Mast ist unten!\n\t\t\t\t<\/dd><\/dl><br style=\"clear: both\" \/><dl class='gallery-item'>\n\t\t\t<dt class='gallery-icon landscape'>\n\t\t\t\t<a href='http:\/\/hinkelstein.ch\/blog\/16-transport\/'><img loading=\"lazy\" decoding=\"async\" width=\"1024\" height=\"682\" src=\"https:\/\/i0.wp.com\/hinkelstein.ch\/blog\/wp-content\/uploads\/2015\/12\/16-transport.jpg?fit=1024%2C682\" class=\"attachment-large size-large\" alt=\"\" aria-describedby=\"gallery-2-341\" srcset=\"https:\/\/i0.wp.com\/hinkelstein.ch\/blog\/wp-content\/uploads\/2015\/12\/16-transport.jpg?w=1280 1280w, https:\/\/i0.wp.com\/hinkelstein.ch\/blog\/wp-content\/uploads\/2015\/12\/16-transport.jpg?resize=300%2C200 300w, https:\/\/i0.wp.com\/hinkelstein.ch\/blog\/wp-content\/uploads\/2015\/12\/16-transport.jpg?resize=768%2C512 768w, https:\/\/i0.wp.com\/hinkelstein.ch\/blog\/wp-content\/uploads\/2015\/12\/16-transport.jpg?resize=1024%2C682 1024w\" sizes=\"(max-width: 1000px) 100vw, 1000px\" data-attachment-id=\"341\" data-permalink=\"http:\/\/hinkelstein.ch\/blog\/16-transport\/\" data-orig-file=\"https:\/\/i0.wp.com\/hinkelstein.ch\/blog\/wp-content\/uploads\/2015\/12\/16-transport.jpg?fit=1280%2C853\" data-orig-size=\"1280,853\" data-comments-opened=\"1\" data-image-meta=\"{&quot;aperture&quot;:&quot;5.6&quot;,&quot;credit&quot;:&quot;&quot;,&quot;camera&quot;:&quot;Canon EOS 450D&quot;,&quot;caption&quot;:&quot;&quot;,&quot;created_timestamp&quot;:&quot;1441465965&quot;,&quot;copyright&quot;:&quot;&quot;,&quot;focal_length&quot;:&quot;18&quot;,&quot;iso&quot;:&quot;200&quot;,&quot;shutter_speed&quot;:&quot;0.0125&quot;,&quot;title&quot;:&quot;&quot;,&quot;orientation&quot;:&quot;1&quot;}\" data-image-title=\"16-transport\" data-image-description=\"\" data-image-caption=\"&lt;p&gt;R\u00fcckw\u00e4rts auf das Podest\u2026&lt;\/p&gt;\n\" data-medium-file=\"https:\/\/i0.wp.com\/hinkelstein.ch\/blog\/wp-content\/uploads\/2015\/12\/16-transport.jpg?fit=300%2C200\" data-large-file=\"https:\/\/i0.wp.com\/hinkelstein.ch\/blog\/wp-content\/uploads\/2015\/12\/16-transport.jpg?fit=1024%2C682\" \/><\/a>\n\t\t\t<\/dt>\n\t\t\t\t<dd class='wp-caption-text gallery-caption' id='gallery-2-341'>\n\t\t\t\tR\u00fcckw\u00e4rts auf das Podest\u2026\n\t\t\t\t<\/dd><\/dl><br style=\"clear: both\" \/><dl class='gallery-item'>\n\t\t\t<dt class='gallery-icon landscape'>\n\t\t\t\t<a href='http:\/\/hinkelstein.ch\/blog\/17-transport\/'><img loading=\"lazy\" decoding=\"async\" width=\"1024\" height=\"682\" src=\"https:\/\/i0.wp.com\/hinkelstein.ch\/blog\/wp-content\/uploads\/2015\/12\/17-transport.jpg?fit=1024%2C682\" class=\"attachment-large size-large\" alt=\"\" aria-describedby=\"gallery-2-342\" srcset=\"https:\/\/i0.wp.com\/hinkelstein.ch\/blog\/wp-content\/uploads\/2015\/12\/17-transport.jpg?w=1280 1280w, https:\/\/i0.wp.com\/hinkelstein.ch\/blog\/wp-content\/uploads\/2015\/12\/17-transport.jpg?resize=300%2C200 300w, https:\/\/i0.wp.com\/hinkelstein.ch\/blog\/wp-content\/uploads\/2015\/12\/17-transport.jpg?resize=768%2C512 768w, https:\/\/i0.wp.com\/hinkelstein.ch\/blog\/wp-content\/uploads\/2015\/12\/17-transport.jpg?resize=1024%2C682 1024w\" sizes=\"(max-width: 1000px) 100vw, 1000px\" data-attachment-id=\"342\" data-permalink=\"http:\/\/hinkelstein.ch\/blog\/17-transport\/\" data-orig-file=\"https:\/\/i0.wp.com\/hinkelstein.ch\/blog\/wp-content\/uploads\/2015\/12\/17-transport.jpg?fit=1280%2C853\" data-orig-size=\"1280,853\" data-comments-opened=\"1\" data-image-meta=\"{&quot;aperture&quot;:&quot;5&quot;,&quot;credit&quot;:&quot;&quot;,&quot;camera&quot;:&quot;Canon EOS 450D&quot;,&quot;caption&quot;:&quot;&quot;,&quot;created_timestamp&quot;:&quot;1441466067&quot;,&quot;copyright&quot;:&quot;&quot;,&quot;focal_length&quot;:&quot;18&quot;,&quot;iso&quot;:&quot;200&quot;,&quot;shutter_speed&quot;:&quot;0.016666666666667&quot;,&quot;title&quot;:&quot;&quot;,&quot;orientation&quot;:&quot;1&quot;}\" data-image-title=\"17-transport\" data-image-description=\"\" data-image-caption=\"&lt;p&gt;\u2026 Meter f\u00fcr \u2026&lt;\/p&gt;\n\" data-medium-file=\"https:\/\/i0.wp.com\/hinkelstein.ch\/blog\/wp-content\/uploads\/2015\/12\/17-transport.jpg?fit=300%2C200\" data-large-file=\"https:\/\/i0.wp.com\/hinkelstein.ch\/blog\/wp-content\/uploads\/2015\/12\/17-transport.jpg?fit=1024%2C682\" \/><\/a>\n\t\t\t<\/dt>\n\t\t\t\t<dd class='wp-caption-text gallery-caption' id='gallery-2-342'>\n\t\t\t\t\u2026 Meter f\u00fcr \u2026\n\t\t\t\t<\/dd><\/dl><br style=\"clear: both\" \/><dl class='gallery-item'>\n\t\t\t<dt class='gallery-icon landscape'>\n\t\t\t\t<a href='http:\/\/hinkelstein.ch\/blog\/18-transport\/'><img loading=\"lazy\" decoding=\"async\" width=\"1024\" height=\"682\" src=\"https:\/\/i0.wp.com\/hinkelstein.ch\/blog\/wp-content\/uploads\/2015\/12\/18-transport.jpg?fit=1024%2C682\" class=\"attachment-large size-large\" alt=\"\" aria-describedby=\"gallery-2-343\" srcset=\"https:\/\/i0.wp.com\/hinkelstein.ch\/blog\/wp-content\/uploads\/2015\/12\/18-transport.jpg?w=1280 1280w, https:\/\/i0.wp.com\/hinkelstein.ch\/blog\/wp-content\/uploads\/2015\/12\/18-transport.jpg?resize=300%2C200 300w, https:\/\/i0.wp.com\/hinkelstein.ch\/blog\/wp-content\/uploads\/2015\/12\/18-transport.jpg?resize=768%2C512 768w, https:\/\/i0.wp.com\/hinkelstein.ch\/blog\/wp-content\/uploads\/2015\/12\/18-transport.jpg?resize=1024%2C682 1024w\" sizes=\"(max-width: 1000px) 100vw, 1000px\" data-attachment-id=\"343\" data-permalink=\"http:\/\/hinkelstein.ch\/blog\/18-transport\/\" data-orig-file=\"https:\/\/i0.wp.com\/hinkelstein.ch\/blog\/wp-content\/uploads\/2015\/12\/18-transport.jpg?fit=1280%2C853\" data-orig-size=\"1280,853\" data-comments-opened=\"1\" data-image-meta=\"{&quot;aperture&quot;:&quot;5.6&quot;,&quot;credit&quot;:&quot;&quot;,&quot;camera&quot;:&quot;Canon EOS 450D&quot;,&quot;caption&quot;:&quot;&quot;,&quot;created_timestamp&quot;:&quot;1441466206&quot;,&quot;copyright&quot;:&quot;&quot;,&quot;focal_length&quot;:&quot;18&quot;,&quot;iso&quot;:&quot;400&quot;,&quot;shutter_speed&quot;:&quot;0.016666666666667&quot;,&quot;title&quot;:&quot;&quot;,&quot;orientation&quot;:&quot;1&quot;}\" data-image-title=\"18-transport\" data-image-description=\"\" data-image-caption=\"&lt;p&gt;\u2026 Meter f\u00fcr Meter \u2026&lt;\/p&gt;\n\" data-medium-file=\"https:\/\/i0.wp.com\/hinkelstein.ch\/blog\/wp-content\/uploads\/2015\/12\/18-transport.jpg?fit=300%2C200\" data-large-file=\"https:\/\/i0.wp.com\/hinkelstein.ch\/blog\/wp-content\/uploads\/2015\/12\/18-transport.jpg?fit=1024%2C682\" \/><\/a>\n\t\t\t<\/dt>\n\t\t\t\t<dd class='wp-caption-text gallery-caption' id='gallery-2-343'>\n\t\t\t\t\u2026 Meter f\u00fcr Meter \u2026\n\t\t\t\t<\/dd><\/dl><br style=\"clear: both\" \/><dl class='gallery-item'>\n\t\t\t<dt class='gallery-icon landscape'>\n\t\t\t\t<a href='http:\/\/hinkelstein.ch\/blog\/19-transport\/'><img loading=\"lazy\" decoding=\"async\" width=\"1024\" height=\"682\" src=\"https:\/\/i0.wp.com\/hinkelstein.ch\/blog\/wp-content\/uploads\/2015\/12\/19-transport.jpg?fit=1024%2C682\" class=\"attachment-large size-large\" alt=\"\" aria-describedby=\"gallery-2-344\" srcset=\"https:\/\/i0.wp.com\/hinkelstein.ch\/blog\/wp-content\/uploads\/2015\/12\/19-transport.jpg?w=1280 1280w, https:\/\/i0.wp.com\/hinkelstein.ch\/blog\/wp-content\/uploads\/2015\/12\/19-transport.jpg?resize=300%2C200 300w, https:\/\/i0.wp.com\/hinkelstein.ch\/blog\/wp-content\/uploads\/2015\/12\/19-transport.jpg?resize=768%2C512 768w, https:\/\/i0.wp.com\/hinkelstein.ch\/blog\/wp-content\/uploads\/2015\/12\/19-transport.jpg?resize=1024%2C682 1024w\" sizes=\"(max-width: 1000px) 100vw, 1000px\" data-attachment-id=\"344\" data-permalink=\"http:\/\/hinkelstein.ch\/blog\/19-transport\/\" data-orig-file=\"https:\/\/i0.wp.com\/hinkelstein.ch\/blog\/wp-content\/uploads\/2015\/12\/19-transport.jpg?fit=1280%2C853\" data-orig-size=\"1280,853\" data-comments-opened=\"1\" data-image-meta=\"{&quot;aperture&quot;:&quot;4.5&quot;,&quot;credit&quot;:&quot;&quot;,&quot;camera&quot;:&quot;Canon EOS 450D&quot;,&quot;caption&quot;:&quot;&quot;,&quot;created_timestamp&quot;:&quot;1441466382&quot;,&quot;copyright&quot;:&quot;&quot;,&quot;focal_length&quot;:&quot;18&quot;,&quot;iso&quot;:&quot;400&quot;,&quot;shutter_speed&quot;:&quot;0.016666666666667&quot;,&quot;title&quot;:&quot;&quot;,&quot;orientation&quot;:&quot;1&quot;}\" data-image-title=\"19-transport\" data-image-description=\"\" data-image-caption=\"&lt;p&gt;\u2026 Meter&lt;\/p&gt;\n\" data-medium-file=\"https:\/\/i0.wp.com\/hinkelstein.ch\/blog\/wp-content\/uploads\/2015\/12\/19-transport.jpg?fit=300%2C200\" data-large-file=\"https:\/\/i0.wp.com\/hinkelstein.ch\/blog\/wp-content\/uploads\/2015\/12\/19-transport.jpg?fit=1024%2C682\" \/><\/a>\n\t\t\t<\/dt>\n\t\t\t\t<dd class='wp-caption-text gallery-caption' id='gallery-2-344'>\n\t\t\t\t\u2026 Meter\n\t\t\t\t<\/dd><\/dl><br style=\"clear: both\" \/><dl class='gallery-item'>\n\t\t\t<dt class='gallery-icon landscape'>\n\t\t\t\t<a href='http:\/\/hinkelstein.ch\/blog\/20-transport\/'><img loading=\"lazy\" decoding=\"async\" width=\"1024\" height=\"682\" src=\"https:\/\/i0.wp.com\/hinkelstein.ch\/blog\/wp-content\/uploads\/2015\/12\/20-transport.jpg?fit=1024%2C682\" class=\"attachment-large size-large\" alt=\"\" aria-describedby=\"gallery-2-345\" srcset=\"https:\/\/i0.wp.com\/hinkelstein.ch\/blog\/wp-content\/uploads\/2015\/12\/20-transport.jpg?w=1280 1280w, https:\/\/i0.wp.com\/hinkelstein.ch\/blog\/wp-content\/uploads\/2015\/12\/20-transport.jpg?resize=300%2C200 300w, https:\/\/i0.wp.com\/hinkelstein.ch\/blog\/wp-content\/uploads\/2015\/12\/20-transport.jpg?resize=768%2C512 768w, https:\/\/i0.wp.com\/hinkelstein.ch\/blog\/wp-content\/uploads\/2015\/12\/20-transport.jpg?resize=1024%2C682 1024w\" sizes=\"(max-width: 1000px) 100vw, 1000px\" data-attachment-id=\"345\" data-permalink=\"http:\/\/hinkelstein.ch\/blog\/20-transport\/\" data-orig-file=\"https:\/\/i0.wp.com\/hinkelstein.ch\/blog\/wp-content\/uploads\/2015\/12\/20-transport.jpg?fit=1280%2C853\" data-orig-size=\"1280,853\" data-comments-opened=\"1\" data-image-meta=\"{&quot;aperture&quot;:&quot;5&quot;,&quot;credit&quot;:&quot;&quot;,&quot;camera&quot;:&quot;Canon EOS 450D&quot;,&quot;caption&quot;:&quot;&quot;,&quot;created_timestamp&quot;:&quot;1441466434&quot;,&quot;copyright&quot;:&quot;&quot;,&quot;focal_length&quot;:&quot;18&quot;,&quot;iso&quot;:&quot;200&quot;,&quot;shutter_speed&quot;:&quot;0.016666666666667&quot;,&quot;title&quot;:&quot;&quot;,&quot;orientation&quot;:&quot;1&quot;}\" data-image-title=\"20-transport\" data-image-description=\"\" data-image-caption=\"&lt;p&gt;Beinahe geschafft&lt;\/p&gt;\n\" data-medium-file=\"https:\/\/i0.wp.com\/hinkelstein.ch\/blog\/wp-content\/uploads\/2015\/12\/20-transport.jpg?fit=300%2C200\" data-large-file=\"https:\/\/i0.wp.com\/hinkelstein.ch\/blog\/wp-content\/uploads\/2015\/12\/20-transport.jpg?fit=1024%2C682\" \/><\/a>\n\t\t\t<\/dt>\n\t\t\t\t<dd class='wp-caption-text gallery-caption' id='gallery-2-345'>\n\t\t\t\tBeinahe geschafft\n\t\t\t\t<\/dd><\/dl><br style=\"clear: both\" \/><dl class='gallery-item'>\n\t\t\t<dt class='gallery-icon landscape'>\n\t\t\t\t<a href='http:\/\/hinkelstein.ch\/blog\/21-transport\/'><img loading=\"lazy\" decoding=\"async\" width=\"1024\" height=\"682\" src=\"https:\/\/i0.wp.com\/hinkelstein.ch\/blog\/wp-content\/uploads\/2015\/12\/21-transport.jpg?fit=1024%2C682\" class=\"attachment-large size-large\" alt=\"\" aria-describedby=\"gallery-2-346\" srcset=\"https:\/\/i0.wp.com\/hinkelstein.ch\/blog\/wp-content\/uploads\/2015\/12\/21-transport.jpg?w=1280 1280w, https:\/\/i0.wp.com\/hinkelstein.ch\/blog\/wp-content\/uploads\/2015\/12\/21-transport.jpg?resize=300%2C200 300w, https:\/\/i0.wp.com\/hinkelstein.ch\/blog\/wp-content\/uploads\/2015\/12\/21-transport.jpg?resize=768%2C512 768w, https:\/\/i0.wp.com\/hinkelstein.ch\/blog\/wp-content\/uploads\/2015\/12\/21-transport.jpg?resize=1024%2C682 1024w\" sizes=\"(max-width: 1000px) 100vw, 1000px\" data-attachment-id=\"346\" data-permalink=\"http:\/\/hinkelstein.ch\/blog\/21-transport\/\" data-orig-file=\"https:\/\/i0.wp.com\/hinkelstein.ch\/blog\/wp-content\/uploads\/2015\/12\/21-transport.jpg?fit=1280%2C853\" data-orig-size=\"1280,853\" data-comments-opened=\"1\" data-image-meta=\"{&quot;aperture&quot;:&quot;6.3&quot;,&quot;credit&quot;:&quot;&quot;,&quot;camera&quot;:&quot;Canon EOS 450D&quot;,&quot;caption&quot;:&quot;&quot;,&quot;created_timestamp&quot;:&quot;1441466462&quot;,&quot;copyright&quot;:&quot;&quot;,&quot;focal_length&quot;:&quot;18&quot;,&quot;iso&quot;:&quot;400&quot;,&quot;shutter_speed&quot;:&quot;0.005&quot;,&quot;title&quot;:&quot;&quot;,&quot;orientation&quot;:&quot;1&quot;}\" data-image-title=\"21-transport\" data-image-description=\"\" data-image-caption=\"&lt;p&gt;Die letzen 50 cm&lt;\/p&gt;\n\" data-medium-file=\"https:\/\/i0.wp.com\/hinkelstein.ch\/blog\/wp-content\/uploads\/2015\/12\/21-transport.jpg?fit=300%2C200\" data-large-file=\"https:\/\/i0.wp.com\/hinkelstein.ch\/blog\/wp-content\/uploads\/2015\/12\/21-transport.jpg?fit=1024%2C682\" \/><\/a>\n\t\t\t<\/dt>\n\t\t\t\t<dd class='wp-caption-text gallery-caption' id='gallery-2-346'>\n\t\t\t\tDie letzen 50 cm\n\t\t\t\t<\/dd><\/dl><br style=\"clear: both\" \/><dl class='gallery-item'>\n\t\t\t<dt class='gallery-icon landscape'>\n\t\t\t\t<a href='http:\/\/hinkelstein.ch\/blog\/22-transport\/'><img loading=\"lazy\" decoding=\"async\" width=\"1024\" height=\"682\" src=\"https:\/\/i0.wp.com\/hinkelstein.ch\/blog\/wp-content\/uploads\/2015\/12\/22-transport.jpg?fit=1024%2C682\" class=\"attachment-large size-large\" alt=\"\" aria-describedby=\"gallery-2-347\" srcset=\"https:\/\/i0.wp.com\/hinkelstein.ch\/blog\/wp-content\/uploads\/2015\/12\/22-transport.jpg?w=1280 1280w, https:\/\/i0.wp.com\/hinkelstein.ch\/blog\/wp-content\/uploads\/2015\/12\/22-transport.jpg?resize=300%2C200 300w, https:\/\/i0.wp.com\/hinkelstein.ch\/blog\/wp-content\/uploads\/2015\/12\/22-transport.jpg?resize=768%2C512 768w, https:\/\/i0.wp.com\/hinkelstein.ch\/blog\/wp-content\/uploads\/2015\/12\/22-transport.jpg?resize=1024%2C682 1024w\" sizes=\"(max-width: 1000px) 100vw, 1000px\" data-attachment-id=\"347\" data-permalink=\"http:\/\/hinkelstein.ch\/blog\/22-transport\/\" data-orig-file=\"https:\/\/i0.wp.com\/hinkelstein.ch\/blog\/wp-content\/uploads\/2015\/12\/22-transport.jpg?fit=1280%2C853\" data-orig-size=\"1280,853\" data-comments-opened=\"1\" data-image-meta=\"{&quot;aperture&quot;:&quot;5.6&quot;,&quot;credit&quot;:&quot;&quot;,&quot;camera&quot;:&quot;Canon EOS 450D&quot;,&quot;caption&quot;:&quot;&quot;,&quot;created_timestamp&quot;:&quot;1441466518&quot;,&quot;copyright&quot;:&quot;&quot;,&quot;focal_length&quot;:&quot;18&quot;,&quot;iso&quot;:&quot;400&quot;,&quot;shutter_speed&quot;:&quot;0.008&quot;,&quot;title&quot;:&quot;&quot;,&quot;orientation&quot;:&quot;1&quot;}\" data-image-title=\"22-transport\" data-image-description=\"\" data-image-caption=\"&lt;p&gt;Endposition erreicht!&lt;\/p&gt;\n\" data-medium-file=\"https:\/\/i0.wp.com\/hinkelstein.ch\/blog\/wp-content\/uploads\/2015\/12\/22-transport.jpg?fit=300%2C200\" data-large-file=\"https:\/\/i0.wp.com\/hinkelstein.ch\/blog\/wp-content\/uploads\/2015\/12\/22-transport.jpg?fit=1024%2C682\" \/><\/a>\n\t\t\t<\/dt>\n\t\t\t\t<dd class='wp-caption-text gallery-caption' id='gallery-2-347'>\n\t\t\t\tEndposition erreicht!\n\t\t\t\t<\/dd><\/dl><br style=\"clear: both\" \/><dl class='gallery-item'>\n\t\t\t<dt class='gallery-icon landscape'>\n\t\t\t\t<a href='http:\/\/hinkelstein.ch\/blog\/23-transport\/'><img loading=\"lazy\" decoding=\"async\" width=\"1024\" height=\"682\" src=\"https:\/\/i0.wp.com\/hinkelstein.ch\/blog\/wp-content\/uploads\/2015\/12\/23-transport.jpg?fit=1024%2C682\" class=\"attachment-large size-large\" alt=\"\" aria-describedby=\"gallery-2-348\" srcset=\"https:\/\/i0.wp.com\/hinkelstein.ch\/blog\/wp-content\/uploads\/2015\/12\/23-transport.jpg?w=1280 1280w, https:\/\/i0.wp.com\/hinkelstein.ch\/blog\/wp-content\/uploads\/2015\/12\/23-transport.jpg?resize=300%2C200 300w, https:\/\/i0.wp.com\/hinkelstein.ch\/blog\/wp-content\/uploads\/2015\/12\/23-transport.jpg?resize=768%2C512 768w, https:\/\/i0.wp.com\/hinkelstein.ch\/blog\/wp-content\/uploads\/2015\/12\/23-transport.jpg?resize=1024%2C682 1024w\" sizes=\"(max-width: 1000px) 100vw, 1000px\" data-attachment-id=\"348\" data-permalink=\"http:\/\/hinkelstein.ch\/blog\/23-transport\/\" data-orig-file=\"https:\/\/i0.wp.com\/hinkelstein.ch\/blog\/wp-content\/uploads\/2015\/12\/23-transport.jpg?fit=1280%2C853\" data-orig-size=\"1280,853\" data-comments-opened=\"1\" data-image-meta=\"{&quot;aperture&quot;:&quot;7.1&quot;,&quot;credit&quot;:&quot;&quot;,&quot;camera&quot;:&quot;Canon EOS 450D&quot;,&quot;caption&quot;:&quot;&quot;,&quot;created_timestamp&quot;:&quot;1441466603&quot;,&quot;copyright&quot;:&quot;&quot;,&quot;focal_length&quot;:&quot;18&quot;,&quot;iso&quot;:&quot;400&quot;,&quot;shutter_speed&quot;:&quot;0.005&quot;,&quot;title&quot;:&quot;&quot;,&quot;orientation&quot;:&quot;1&quot;}\" data-image-title=\"23-Transport\" data-image-description=\"\" data-image-caption=\"&lt;p&gt;Keile unterlegt und St\u00fctzrad runtergedreht&lt;\/p&gt;\n\" data-medium-file=\"https:\/\/i0.wp.com\/hinkelstein.ch\/blog\/wp-content\/uploads\/2015\/12\/23-transport.jpg?fit=300%2C200\" data-large-file=\"https:\/\/i0.wp.com\/hinkelstein.ch\/blog\/wp-content\/uploads\/2015\/12\/23-transport.jpg?fit=1024%2C682\" \/><\/a>\n\t\t\t<\/dt>\n\t\t\t\t<dd class='wp-caption-text gallery-caption' id='gallery-2-348'>\n\t\t\t\tKeile unterlegt und St\u00fctzrad runtergedreht\n\t\t\t\t<\/dd><\/dl><br style=\"clear: both\" \/><dl class='gallery-item'>\n\t\t\t<dt class='gallery-icon landscape'>\n\t\t\t\t<a href='http:\/\/hinkelstein.ch\/blog\/24-transport\/'><img loading=\"lazy\" decoding=\"async\" width=\"1024\" height=\"682\" src=\"https:\/\/i0.wp.com\/hinkelstein.ch\/blog\/wp-content\/uploads\/2015\/12\/24-transport.jpg?fit=1024%2C682\" class=\"attachment-large size-large\" alt=\"\" aria-describedby=\"gallery-2-349\" srcset=\"https:\/\/i0.wp.com\/hinkelstein.ch\/blog\/wp-content\/uploads\/2015\/12\/24-transport.jpg?w=1280 1280w, https:\/\/i0.wp.com\/hinkelstein.ch\/blog\/wp-content\/uploads\/2015\/12\/24-transport.jpg?resize=300%2C200 300w, https:\/\/i0.wp.com\/hinkelstein.ch\/blog\/wp-content\/uploads\/2015\/12\/24-transport.jpg?resize=768%2C512 768w, https:\/\/i0.wp.com\/hinkelstein.ch\/blog\/wp-content\/uploads\/2015\/12\/24-transport.jpg?resize=1024%2C682 1024w\" sizes=\"(max-width: 1000px) 100vw, 1000px\" data-attachment-id=\"349\" data-permalink=\"http:\/\/hinkelstein.ch\/blog\/24-transport\/\" data-orig-file=\"https:\/\/i0.wp.com\/hinkelstein.ch\/blog\/wp-content\/uploads\/2015\/12\/24-transport.jpg?fit=1280%2C853\" data-orig-size=\"1280,853\" data-comments-opened=\"1\" data-image-meta=\"{&quot;aperture&quot;:&quot;5.6&quot;,&quot;credit&quot;:&quot;&quot;,&quot;camera&quot;:&quot;Canon EOS 450D&quot;,&quot;caption&quot;:&quot;&quot;,&quot;created_timestamp&quot;:&quot;1441466967&quot;,&quot;copyright&quot;:&quot;&quot;,&quot;focal_length&quot;:&quot;27&quot;,&quot;iso&quot;:&quot;400&quot;,&quot;shutter_speed&quot;:&quot;0.016666666666667&quot;,&quot;title&quot;:&quot;&quot;,&quot;orientation&quot;:&quot;1&quot;}\" data-image-title=\"24-transport\" data-image-description=\"\" data-image-caption=\"&lt;p&gt;Mast wird hinters Haus gebracht&lt;\/p&gt;\n\" data-medium-file=\"https:\/\/i0.wp.com\/hinkelstein.ch\/blog\/wp-content\/uploads\/2015\/12\/24-transport.jpg?fit=300%2C200\" data-large-file=\"https:\/\/i0.wp.com\/hinkelstein.ch\/blog\/wp-content\/uploads\/2015\/12\/24-transport.jpg?fit=1024%2C682\" \/><\/a>\n\t\t\t<\/dt>\n\t\t\t\t<dd class='wp-caption-text gallery-caption' id='gallery-2-349'>\n\t\t\t\tMast wird hinters Haus gebracht\n\t\t\t\t<\/dd><\/dl><br style=\"clear: both\" \/><dl class='gallery-item'>\n\t\t\t<dt class='gallery-icon landscape'>\n\t\t\t\t<a href='http:\/\/hinkelstein.ch\/blog\/25-transport-2\/'><img loading=\"lazy\" decoding=\"async\" width=\"1024\" height=\"768\" src=\"https:\/\/i0.wp.com\/hinkelstein.ch\/blog\/wp-content\/uploads\/2016\/01\/25-transport.jpg?fit=1024%2C768\" class=\"attachment-large size-large\" alt=\"\" aria-describedby=\"gallery-2-371\" srcset=\"https:\/\/i0.wp.com\/hinkelstein.ch\/blog\/wp-content\/uploads\/2016\/01\/25-transport.jpg?w=1280 1280w, https:\/\/i0.wp.com\/hinkelstein.ch\/blog\/wp-content\/uploads\/2016\/01\/25-transport.jpg?resize=200%2C150 200w, https:\/\/i0.wp.com\/hinkelstein.ch\/blog\/wp-content\/uploads\/2016\/01\/25-transport.jpg?resize=300%2C225 300w, https:\/\/i0.wp.com\/hinkelstein.ch\/blog\/wp-content\/uploads\/2016\/01\/25-transport.jpg?resize=768%2C576 768w, https:\/\/i0.wp.com\/hinkelstein.ch\/blog\/wp-content\/uploads\/2016\/01\/25-transport.jpg?resize=1024%2C768 1024w\" sizes=\"(max-width: 1000px) 100vw, 1000px\" data-attachment-id=\"371\" data-permalink=\"http:\/\/hinkelstein.ch\/blog\/25-transport-2\/\" data-orig-file=\"https:\/\/i0.wp.com\/hinkelstein.ch\/blog\/wp-content\/uploads\/2016\/01\/25-transport.jpg?fit=1280%2C960\" data-orig-size=\"1280,960\" data-comments-opened=\"1\" data-image-meta=\"{&quot;aperture&quot;:&quot;2.2&quot;,&quot;credit&quot;:&quot;&quot;,&quot;camera&quot;:&quot;iPhone 6s&quot;,&quot;caption&quot;:&quot;&quot;,&quot;created_timestamp&quot;:&quot;1451740366&quot;,&quot;copyright&quot;:&quot;&quot;,&quot;focal_length&quot;:&quot;4.15&quot;,&quot;iso&quot;:&quot;50&quot;,&quot;shutter_speed&quot;:&quot;0.03030303030303&quot;,&quot;title&quot;:&quot;&quot;,&quot;orientation&quot;:&quot;1&quot;}\" data-image-title=\"25-transport\" data-image-description=\"\" data-image-caption=\"&lt;p&gt;Der Mast h\u00e4ngt am Haus&lt;\/p&gt;\n\" data-medium-file=\"https:\/\/i0.wp.com\/hinkelstein.ch\/blog\/wp-content\/uploads\/2016\/01\/25-transport.jpg?fit=300%2C225\" data-large-file=\"https:\/\/i0.wp.com\/hinkelstein.ch\/blog\/wp-content\/uploads\/2016\/01\/25-transport.jpg?fit=1024%2C768\" \/><\/a>\n\t\t\t<\/dt>\n\t\t\t\t<dd class='wp-caption-text gallery-caption' id='gallery-2-371'>\n\t\t\t\tDer Mast h\u00e4ngt am Haus\n\t\t\t\t<\/dd><\/dl><br style=\"clear: both\" \/><dl class='gallery-item'>\n\t\t\t<dt class='gallery-icon landscape'>\n\t\t\t\t<a href='http:\/\/hinkelstein.ch\/blog\/25-transport\/'><img loading=\"lazy\" decoding=\"async\" width=\"1024\" height=\"682\" src=\"https:\/\/i0.wp.com\/hinkelstein.ch\/blog\/wp-content\/uploads\/2015\/12\/25-transport.jpg?fit=1024%2C682\" class=\"attachment-large size-large\" alt=\"\" aria-describedby=\"gallery-2-350\" srcset=\"https:\/\/i0.wp.com\/hinkelstein.ch\/blog\/wp-content\/uploads\/2015\/12\/25-transport.jpg?w=1280 1280w, https:\/\/i0.wp.com\/hinkelstein.ch\/blog\/wp-content\/uploads\/2015\/12\/25-transport.jpg?resize=300%2C200 300w, https:\/\/i0.wp.com\/hinkelstein.ch\/blog\/wp-content\/uploads\/2015\/12\/25-transport.jpg?resize=768%2C512 768w, https:\/\/i0.wp.com\/hinkelstein.ch\/blog\/wp-content\/uploads\/2015\/12\/25-transport.jpg?resize=1024%2C682 1024w\" sizes=\"(max-width: 1000px) 100vw, 1000px\" data-attachment-id=\"350\" data-permalink=\"http:\/\/hinkelstein.ch\/blog\/25-transport\/\" data-orig-file=\"https:\/\/i0.wp.com\/hinkelstein.ch\/blog\/wp-content\/uploads\/2015\/12\/25-transport.jpg?fit=1280%2C853\" data-orig-size=\"1280,853\" data-comments-opened=\"1\" data-image-meta=\"{&quot;aperture&quot;:&quot;7.1&quot;,&quot;credit&quot;:&quot;&quot;,&quot;camera&quot;:&quot;Canon EOS 450D&quot;,&quot;caption&quot;:&quot;&quot;,&quot;created_timestamp&quot;:&quot;1441467245&quot;,&quot;copyright&quot;:&quot;&quot;,&quot;focal_length&quot;:&quot;18&quot;,&quot;iso&quot;:&quot;200&quot;,&quot;shutter_speed&quot;:&quot;0.008&quot;,&quot;title&quot;:&quot;&quot;,&quot;orientation&quot;:&quot;1&quot;}\" data-image-title=\"26-transport\" data-image-description=\"\" data-image-caption=\"&lt;p&gt;Ende gut, alles gut&lt;\/p&gt;\n\" data-medium-file=\"https:\/\/i0.wp.com\/hinkelstein.ch\/blog\/wp-content\/uploads\/2015\/12\/25-transport.jpg?fit=300%2C200\" data-large-file=\"https:\/\/i0.wp.com\/hinkelstein.ch\/blog\/wp-content\/uploads\/2015\/12\/25-transport.jpg?fit=1024%2C682\" \/><\/a>\n\t\t\t<\/dt>\n\t\t\t\t<dd class='wp-caption-text gallery-caption' id='gallery-2-350'>\n\t\t\t\tEnde gut, alles gut\n\t\t\t\t<\/dd><\/dl><br style=\"clear: both\" \/>\n\t\t<\/div>\n\n<p><strong>Das Trockendock<\/strong><\/p>\n<p>Nach der \u00dcberf\u00fchrung musste aus dem Freiluft-Dock ein Trockendock gebaut werden. Auf Grund der H\u00f6he der AVA inklusive der Podesth\u00f6he, der Hanglage und der knappen Platzverh\u00e4ltnisse eine sehr grosse Herausforderung. Doch im Dezember 2015 war das Werk vollbracht.<\/p>\n\n\t\t<style type=\"text\/css\">\n\t\t\t#gallery-3 {\n\t\t\t\tmargin: auto;\n\t\t\t}\n\t\t\t#gallery-3 .gallery-item {\n\t\t\t\tfloat: left;\n\t\t\t\tmargin-top: 10px;\n\t\t\t\ttext-align: center;\n\t\t\t\twidth: 100%;\n\t\t\t}\n\t\t\t#gallery-3 img {\n\t\t\t\tborder: 2px solid #cfcfcf;\n\t\t\t}\n\t\t\t#gallery-3 .gallery-caption {\n\t\t\t\tmargin-left: 0;\n\t\t\t}\n\t\t\t\/* see gallery_shortcode() in wp-includes\/media.php *\/\n\t\t<\/style>\n\t\t<div data-carousel-extra='{\"blog_id\":1,\"permalink\":\"http:\\\/\\\/hinkelstein.ch\\\/blog\\\/ava\\\/refit-uebersicht\\\/ein-neues-zuhause\\\/\"}' id='gallery-3' class='gallery galleryid-287 gallery-columns-1 gallery-size-large'><dl class='gallery-item'>\n\t\t\t<dt class='gallery-icon landscape'>\n\t\t\t\t<a href='http:\/\/hinkelstein.ch\/blog\/01-u%cc%88berdachung\/'><img loading=\"lazy\" decoding=\"async\" width=\"1024\" height=\"768\" src=\"https:\/\/i0.wp.com\/hinkelstein.ch\/blog\/wp-content\/uploads\/2015\/12\/01-u\u0308berdachung.jpg?fit=1024%2C768\" class=\"attachment-large size-large\" alt=\"\" srcset=\"https:\/\/i0.wp.com\/hinkelstein.ch\/blog\/wp-content\/uploads\/2015\/12\/01-u\u0308berdachung.jpg?w=1280 1280w, https:\/\/i0.wp.com\/hinkelstein.ch\/blog\/wp-content\/uploads\/2015\/12\/01-u\u0308berdachung.jpg?resize=200%2C150 200w, https:\/\/i0.wp.com\/hinkelstein.ch\/blog\/wp-content\/uploads\/2015\/12\/01-u\u0308berdachung.jpg?resize=300%2C225 300w, https:\/\/i0.wp.com\/hinkelstein.ch\/blog\/wp-content\/uploads\/2015\/12\/01-u\u0308berdachung.jpg?resize=768%2C576 768w, https:\/\/i0.wp.com\/hinkelstein.ch\/blog\/wp-content\/uploads\/2015\/12\/01-u\u0308berdachung.jpg?resize=1024%2C768 1024w\" sizes=\"(max-width: 1000px) 100vw, 1000px\" data-attachment-id=\"353\" data-permalink=\"http:\/\/hinkelstein.ch\/blog\/01-u%cc%88berdachung\/\" data-orig-file=\"https:\/\/i0.wp.com\/hinkelstein.ch\/blog\/wp-content\/uploads\/2015\/12\/01-u\u0308berdachung.jpg?fit=1280%2C960\" data-orig-size=\"1280,960\" data-comments-opened=\"1\" data-image-meta=\"{&quot;aperture&quot;:&quot;2.4&quot;,&quot;credit&quot;:&quot;&quot;,&quot;camera&quot;:&quot;iPhone 4S&quot;,&quot;caption&quot;:&quot;&quot;,&quot;created_timestamp&quot;:&quot;1443280322&quot;,&quot;copyright&quot;:&quot;&quot;,&quot;focal_length&quot;:&quot;4.28&quot;,&quot;iso&quot;:&quot;50&quot;,&quot;shutter_speed&quot;:&quot;0.00083333333333333&quot;,&quot;title&quot;:&quot;&quot;,&quot;orientation&quot;:&quot;1&quot;}\" data-image-title=\"01-\u00fcberdachung\" data-image-description=\"\" data-image-caption=\"\" data-medium-file=\"https:\/\/i0.wp.com\/hinkelstein.ch\/blog\/wp-content\/uploads\/2015\/12\/01-u\u0308berdachung.jpg?fit=300%2C225\" data-large-file=\"https:\/\/i0.wp.com\/hinkelstein.ch\/blog\/wp-content\/uploads\/2015\/12\/01-u\u0308berdachung.jpg?fit=1024%2C768\" \/><\/a>\n\t\t\t<\/dt><\/dl><br style=\"clear: both\" \/><dl class='gallery-item'>\n\t\t\t<dt class='gallery-icon landscape'>\n\t\t\t\t<a href='http:\/\/hinkelstein.ch\/blog\/segeln\/das-trockendock\/attachment\/03-u%cc%88berdachung\/'><img loading=\"lazy\" decoding=\"async\" width=\"1024\" height=\"768\" src=\"https:\/\/i0.wp.com\/hinkelstein.ch\/blog\/wp-content\/uploads\/2015\/12\/03-u\u0308berdachung.jpg?fit=1024%2C768\" class=\"attachment-large size-large\" alt=\"\" srcset=\"https:\/\/i0.wp.com\/hinkelstein.ch\/blog\/wp-content\/uploads\/2015\/12\/03-u\u0308berdachung.jpg?w=1280 1280w, https:\/\/i0.wp.com\/hinkelstein.ch\/blog\/wp-content\/uploads\/2015\/12\/03-u\u0308berdachung.jpg?resize=200%2C150 200w, https:\/\/i0.wp.com\/hinkelstein.ch\/blog\/wp-content\/uploads\/2015\/12\/03-u\u0308berdachung.jpg?resize=300%2C225 300w, https:\/\/i0.wp.com\/hinkelstein.ch\/blog\/wp-content\/uploads\/2015\/12\/03-u\u0308berdachung.jpg?resize=768%2C576 768w, https:\/\/i0.wp.com\/hinkelstein.ch\/blog\/wp-content\/uploads\/2015\/12\/03-u\u0308berdachung.jpg?resize=1024%2C768 1024w\" sizes=\"(max-width: 1000px) 100vw, 1000px\" data-attachment-id=\"355\" data-permalink=\"http:\/\/hinkelstein.ch\/blog\/segeln\/das-trockendock\/attachment\/03-u%cc%88berdachung\/\" data-orig-file=\"https:\/\/i0.wp.com\/hinkelstein.ch\/blog\/wp-content\/uploads\/2015\/12\/03-u\u0308berdachung.jpg?fit=1280%2C960\" data-orig-size=\"1280,960\" data-comments-opened=\"1\" data-image-meta=\"{&quot;aperture&quot;:&quot;2.2&quot;,&quot;credit&quot;:&quot;&quot;,&quot;camera&quot;:&quot;iPhone 6s&quot;,&quot;caption&quot;:&quot;&quot;,&quot;created_timestamp&quot;:&quot;1451394883&quot;,&quot;copyright&quot;:&quot;&quot;,&quot;focal_length&quot;:&quot;4.15&quot;,&quot;iso&quot;:&quot;25&quot;,&quot;shutter_speed&quot;:&quot;0.00094876660341556&quot;,&quot;title&quot;:&quot;&quot;,&quot;orientation&quot;:&quot;1&quot;}\" data-image-title=\"03-\u00fcberdachung\" data-image-description=\"\" data-image-caption=\"\" data-medium-file=\"https:\/\/i0.wp.com\/hinkelstein.ch\/blog\/wp-content\/uploads\/2015\/12\/03-u\u0308berdachung.jpg?fit=300%2C225\" data-large-file=\"https:\/\/i0.wp.com\/hinkelstein.ch\/blog\/wp-content\/uploads\/2015\/12\/03-u\u0308berdachung.jpg?fit=1024%2C768\" \/><\/a>\n\t\t\t<\/dt><\/dl><br style=\"clear: both\" \/><dl class='gallery-item'>\n\t\t\t<dt class='gallery-icon landscape'>\n\t\t\t\t<a href='http:\/\/hinkelstein.ch\/blog\/05-u%cc%88berdachung\/'><img loading=\"lazy\" decoding=\"async\" width=\"1024\" height=\"768\" src=\"https:\/\/i0.wp.com\/hinkelstein.ch\/blog\/wp-content\/uploads\/2015\/12\/05-u\u0308berdachung.jpg?fit=1024%2C768\" class=\"attachment-large size-large\" alt=\"\" srcset=\"https:\/\/i0.wp.com\/hinkelstein.ch\/blog\/wp-content\/uploads\/2015\/12\/05-u\u0308berdachung.jpg?w=1280 1280w, https:\/\/i0.wp.com\/hinkelstein.ch\/blog\/wp-content\/uploads\/2015\/12\/05-u\u0308berdachung.jpg?resize=200%2C150 200w, https:\/\/i0.wp.com\/hinkelstein.ch\/blog\/wp-content\/uploads\/2015\/12\/05-u\u0308berdachung.jpg?resize=300%2C225 300w, https:\/\/i0.wp.com\/hinkelstein.ch\/blog\/wp-content\/uploads\/2015\/12\/05-u\u0308berdachung.jpg?resize=768%2C576 768w, https:\/\/i0.wp.com\/hinkelstein.ch\/blog\/wp-content\/uploads\/2015\/12\/05-u\u0308berdachung.jpg?resize=1024%2C768 1024w\" sizes=\"(max-width: 1000px) 100vw, 1000px\" data-attachment-id=\"357\" data-permalink=\"http:\/\/hinkelstein.ch\/blog\/05-u%cc%88berdachung\/\" data-orig-file=\"https:\/\/i0.wp.com\/hinkelstein.ch\/blog\/wp-content\/uploads\/2015\/12\/05-u\u0308berdachung.jpg?fit=1280%2C960\" data-orig-size=\"1280,960\" data-comments-opened=\"1\" data-image-meta=\"{&quot;aperture&quot;:&quot;2.2&quot;,&quot;credit&quot;:&quot;&quot;,&quot;camera&quot;:&quot;iPhone 6s&quot;,&quot;caption&quot;:&quot;&quot;,&quot;created_timestamp&quot;:&quot;1451395017&quot;,&quot;copyright&quot;:&quot;&quot;,&quot;focal_length&quot;:&quot;4.15&quot;,&quot;iso&quot;:&quot;25&quot;,&quot;shutter_speed&quot;:&quot;0.008130081300813&quot;,&quot;title&quot;:&quot;&quot;,&quot;orientation&quot;:&quot;1&quot;}\" data-image-title=\"05-\u00fcberdachung\" data-image-description=\"\" data-image-caption=\"\" data-medium-file=\"https:\/\/i0.wp.com\/hinkelstein.ch\/blog\/wp-content\/uploads\/2015\/12\/05-u\u0308berdachung.jpg?fit=300%2C225\" data-large-file=\"https:\/\/i0.wp.com\/hinkelstein.ch\/blog\/wp-content\/uploads\/2015\/12\/05-u\u0308berdachung.jpg?fit=1024%2C768\" \/><\/a>\n\t\t\t<\/dt><\/dl><br style=\"clear: both\" \/><dl class='gallery-item'>\n\t\t\t<dt class='gallery-icon landscape'>\n\t\t\t\t<a href='http:\/\/hinkelstein.ch\/blog\/04-u%cc%88berdachung\/'><img loading=\"lazy\" decoding=\"async\" width=\"1024\" height=\"768\" src=\"https:\/\/i0.wp.com\/hinkelstein.ch\/blog\/wp-content\/uploads\/2015\/12\/04-u\u0308berdachung.jpg?fit=1024%2C768\" class=\"attachment-large size-large\" alt=\"\" srcset=\"https:\/\/i0.wp.com\/hinkelstein.ch\/blog\/wp-content\/uploads\/2015\/12\/04-u\u0308berdachung.jpg?w=1280 1280w, https:\/\/i0.wp.com\/hinkelstein.ch\/blog\/wp-content\/uploads\/2015\/12\/04-u\u0308berdachung.jpg?resize=200%2C150 200w, https:\/\/i0.wp.com\/hinkelstein.ch\/blog\/wp-content\/uploads\/2015\/12\/04-u\u0308berdachung.jpg?resize=300%2C225 300w, https:\/\/i0.wp.com\/hinkelstein.ch\/blog\/wp-content\/uploads\/2015\/12\/04-u\u0308berdachung.jpg?resize=768%2C576 768w, https:\/\/i0.wp.com\/hinkelstein.ch\/blog\/wp-content\/uploads\/2015\/12\/04-u\u0308berdachung.jpg?resize=1024%2C768 1024w\" sizes=\"(max-width: 1000px) 100vw, 1000px\" data-attachment-id=\"356\" data-permalink=\"http:\/\/hinkelstein.ch\/blog\/04-u%cc%88berdachung\/\" data-orig-file=\"https:\/\/i0.wp.com\/hinkelstein.ch\/blog\/wp-content\/uploads\/2015\/12\/04-u\u0308berdachung.jpg?fit=1280%2C960\" data-orig-size=\"1280,960\" data-comments-opened=\"1\" data-image-meta=\"{&quot;aperture&quot;:&quot;2.2&quot;,&quot;credit&quot;:&quot;&quot;,&quot;camera&quot;:&quot;iPhone 6s&quot;,&quot;caption&quot;:&quot;&quot;,&quot;created_timestamp&quot;:&quot;1451394972&quot;,&quot;copyright&quot;:&quot;&quot;,&quot;focal_length&quot;:&quot;4.15&quot;,&quot;iso&quot;:&quot;25&quot;,&quot;shutter_speed&quot;:&quot;0.00097465886939571&quot;,&quot;title&quot;:&quot;&quot;,&quot;orientation&quot;:&quot;1&quot;}\" data-image-title=\"04-\u00fcberdachung\" data-image-description=\"\" data-image-caption=\"\" data-medium-file=\"https:\/\/i0.wp.com\/hinkelstein.ch\/blog\/wp-content\/uploads\/2015\/12\/04-u\u0308berdachung.jpg?fit=300%2C225\" data-large-file=\"https:\/\/i0.wp.com\/hinkelstein.ch\/blog\/wp-content\/uploads\/2015\/12\/04-u\u0308berdachung.jpg?fit=1024%2C768\" \/><\/a>\n\t\t\t<\/dt><\/dl><br style=\"clear: both\" \/><dl class='gallery-item'>\n\t\t\t<dt class='gallery-icon landscape'>\n\t\t\t\t<a href='http:\/\/hinkelstein.ch\/blog\/02-u%cc%88berdachung\/'><img loading=\"lazy\" decoding=\"async\" width=\"1024\" height=\"768\" src=\"https:\/\/i0.wp.com\/hinkelstein.ch\/blog\/wp-content\/uploads\/2015\/12\/02-u\u0308berdachung.jpg?fit=1024%2C768\" class=\"attachment-large size-large\" alt=\"\" srcset=\"https:\/\/i0.wp.com\/hinkelstein.ch\/blog\/wp-content\/uploads\/2015\/12\/02-u\u0308berdachung.jpg?w=1280 1280w, https:\/\/i0.wp.com\/hinkelstein.ch\/blog\/wp-content\/uploads\/2015\/12\/02-u\u0308berdachung.jpg?resize=200%2C150 200w, https:\/\/i0.wp.com\/hinkelstein.ch\/blog\/wp-content\/uploads\/2015\/12\/02-u\u0308berdachung.jpg?resize=300%2C225 300w, https:\/\/i0.wp.com\/hinkelstein.ch\/blog\/wp-content\/uploads\/2015\/12\/02-u\u0308berdachung.jpg?resize=768%2C576 768w, https:\/\/i0.wp.com\/hinkelstein.ch\/blog\/wp-content\/uploads\/2015\/12\/02-u\u0308berdachung.jpg?resize=1024%2C768 1024w\" sizes=\"(max-width: 1000px) 100vw, 1000px\" data-attachment-id=\"354\" data-permalink=\"http:\/\/hinkelstein.ch\/blog\/02-u%cc%88berdachung\/\" data-orig-file=\"https:\/\/i0.wp.com\/hinkelstein.ch\/blog\/wp-content\/uploads\/2015\/12\/02-u\u0308berdachung.jpg?fit=1280%2C960\" data-orig-size=\"1280,960\" data-comments-opened=\"1\" data-image-meta=\"{&quot;aperture&quot;:&quot;2.2&quot;,&quot;credit&quot;:&quot;&quot;,&quot;camera&quot;:&quot;iPhone 6s&quot;,&quot;caption&quot;:&quot;&quot;,&quot;created_timestamp&quot;:&quot;1451394860&quot;,&quot;copyright&quot;:&quot;&quot;,&quot;focal_length&quot;:&quot;4.15&quot;,&quot;iso&quot;:&quot;25&quot;,&quot;shutter_speed&quot;:&quot;0.00065019505851756&quot;,&quot;title&quot;:&quot;&quot;,&quot;orientation&quot;:&quot;1&quot;}\" data-image-title=\"02-\u00fcberdachung\" data-image-description=\"\" data-image-caption=\"\" data-medium-file=\"https:\/\/i0.wp.com\/hinkelstein.ch\/blog\/wp-content\/uploads\/2015\/12\/02-u\u0308berdachung.jpg?fit=300%2C225\" data-large-file=\"https:\/\/i0.wp.com\/hinkelstein.ch\/blog\/wp-content\/uploads\/2015\/12\/02-u\u0308berdachung.jpg?fit=1024%2C768\" \/><\/a>\n\t\t\t<\/dt><\/dl><br style=\"clear: both\" \/><dl class='gallery-item'>\n\t\t\t<dt class='gallery-icon landscape'>\n\t\t\t\t<a href='http:\/\/hinkelstein.ch\/blog\/06-u%cc%88berdachung\/'><img loading=\"lazy\" decoding=\"async\" width=\"1024\" height=\"768\" src=\"https:\/\/i0.wp.com\/hinkelstein.ch\/blog\/wp-content\/uploads\/2015\/12\/06-u\u0308berdachung.jpg?fit=1024%2C768\" class=\"attachment-large size-large\" alt=\"\" srcset=\"https:\/\/i0.wp.com\/hinkelstein.ch\/blog\/wp-content\/uploads\/2015\/12\/06-u\u0308berdachung.jpg?w=1280 1280w, https:\/\/i0.wp.com\/hinkelstein.ch\/blog\/wp-content\/uploads\/2015\/12\/06-u\u0308berdachung.jpg?resize=200%2C150 200w, https:\/\/i0.wp.com\/hinkelstein.ch\/blog\/wp-content\/uploads\/2015\/12\/06-u\u0308berdachung.jpg?resize=300%2C225 300w, https:\/\/i0.wp.com\/hinkelstein.ch\/blog\/wp-content\/uploads\/2015\/12\/06-u\u0308berdachung.jpg?resize=768%2C576 768w, https:\/\/i0.wp.com\/hinkelstein.ch\/blog\/wp-content\/uploads\/2015\/12\/06-u\u0308berdachung.jpg?resize=1024%2C768 1024w\" sizes=\"(max-width: 1000px) 100vw, 1000px\" data-attachment-id=\"358\" data-permalink=\"http:\/\/hinkelstein.ch\/blog\/06-u%cc%88berdachung\/\" data-orig-file=\"https:\/\/i0.wp.com\/hinkelstein.ch\/blog\/wp-content\/uploads\/2015\/12\/06-u\u0308berdachung.jpg?fit=1280%2C960\" data-orig-size=\"1280,960\" data-comments-opened=\"1\" data-image-meta=\"{&quot;aperture&quot;:&quot;2.2&quot;,&quot;credit&quot;:&quot;&quot;,&quot;camera&quot;:&quot;iPhone 6s&quot;,&quot;caption&quot;:&quot;&quot;,&quot;created_timestamp&quot;:&quot;1451395041&quot;,&quot;copyright&quot;:&quot;&quot;,&quot;focal_length&quot;:&quot;4.15&quot;,&quot;iso&quot;:&quot;25&quot;,&quot;shutter_speed&quot;:&quot;0.0011049723756906&quot;,&quot;title&quot;:&quot;&quot;,&quot;orientation&quot;:&quot;1&quot;}\" data-image-title=\"06-\u00fcberdachung\" data-image-description=\"\" data-image-caption=\"\" data-medium-file=\"https:\/\/i0.wp.com\/hinkelstein.ch\/blog\/wp-content\/uploads\/2015\/12\/06-u\u0308berdachung.jpg?fit=300%2C225\" data-large-file=\"https:\/\/i0.wp.com\/hinkelstein.ch\/blog\/wp-content\/uploads\/2015\/12\/06-u\u0308berdachung.jpg?fit=1024%2C768\" \/><\/a>\n\t\t\t<\/dt><\/dl><br style=\"clear: both\" \/><dl class='gallery-item'>\n\t\t\t<dt class='gallery-icon landscape'>\n\t\t\t\t<a href='http:\/\/hinkelstein.ch\/blog\/07-u%cc%88berdachung\/'><img loading=\"lazy\" decoding=\"async\" width=\"1024\" height=\"768\" src=\"https:\/\/i0.wp.com\/hinkelstein.ch\/blog\/wp-content\/uploads\/2015\/12\/07-u\u0308berdachung.jpg?fit=1024%2C768\" class=\"attachment-large size-large\" alt=\"\" srcset=\"https:\/\/i0.wp.com\/hinkelstein.ch\/blog\/wp-content\/uploads\/2015\/12\/07-u\u0308berdachung.jpg?w=1280 1280w, https:\/\/i0.wp.com\/hinkelstein.ch\/blog\/wp-content\/uploads\/2015\/12\/07-u\u0308berdachung.jpg?resize=200%2C150 200w, https:\/\/i0.wp.com\/hinkelstein.ch\/blog\/wp-content\/uploads\/2015\/12\/07-u\u0308berdachung.jpg?resize=300%2C225 300w, https:\/\/i0.wp.com\/hinkelstein.ch\/blog\/wp-content\/uploads\/2015\/12\/07-u\u0308berdachung.jpg?resize=768%2C576 768w, https:\/\/i0.wp.com\/hinkelstein.ch\/blog\/wp-content\/uploads\/2015\/12\/07-u\u0308berdachung.jpg?resize=1024%2C768 1024w\" sizes=\"(max-width: 1000px) 100vw, 1000px\" data-attachment-id=\"359\" data-permalink=\"http:\/\/hinkelstein.ch\/blog\/07-u%cc%88berdachung\/\" data-orig-file=\"https:\/\/i0.wp.com\/hinkelstein.ch\/blog\/wp-content\/uploads\/2015\/12\/07-u\u0308berdachung.jpg?fit=1280%2C960\" data-orig-size=\"1280,960\" data-comments-opened=\"1\" data-image-meta=\"{&quot;aperture&quot;:&quot;2.2&quot;,&quot;credit&quot;:&quot;&quot;,&quot;camera&quot;:&quot;iPhone 6s&quot;,&quot;caption&quot;:&quot;&quot;,&quot;created_timestamp&quot;:&quot;1451395237&quot;,&quot;copyright&quot;:&quot;&quot;,&quot;focal_length&quot;:&quot;4.15&quot;,&quot;iso&quot;:&quot;25&quot;,&quot;shutter_speed&quot;:&quot;0.03030303030303&quot;,&quot;title&quot;:&quot;&quot;,&quot;orientation&quot;:&quot;1&quot;}\" data-image-title=\"07-\u00fcberdachung\" data-image-description=\"\" data-image-caption=\"\" data-medium-file=\"https:\/\/i0.wp.com\/hinkelstein.ch\/blog\/wp-content\/uploads\/2015\/12\/07-u\u0308berdachung.jpg?fit=300%2C225\" data-large-file=\"https:\/\/i0.wp.com\/hinkelstein.ch\/blog\/wp-content\/uploads\/2015\/12\/07-u\u0308berdachung.jpg?fit=1024%2C768\" \/><\/a>\n\t\t\t<\/dt><\/dl><br style=\"clear: both\" \/><dl class='gallery-item'>\n\t\t\t<dt class='gallery-icon landscape'>\n\t\t\t\t<a href='http:\/\/hinkelstein.ch\/blog\/08-u%cc%88berdachung\/'><img loading=\"lazy\" decoding=\"async\" width=\"1024\" height=\"768\" src=\"https:\/\/i0.wp.com\/hinkelstein.ch\/blog\/wp-content\/uploads\/2015\/12\/08-u\u0308berdachung.jpg?fit=1024%2C768\" class=\"attachment-large size-large\" alt=\"\" srcset=\"https:\/\/i0.wp.com\/hinkelstein.ch\/blog\/wp-content\/uploads\/2015\/12\/08-u\u0308berdachung.jpg?w=1280 1280w, https:\/\/i0.wp.com\/hinkelstein.ch\/blog\/wp-content\/uploads\/2015\/12\/08-u\u0308berdachung.jpg?resize=200%2C150 200w, https:\/\/i0.wp.com\/hinkelstein.ch\/blog\/wp-content\/uploads\/2015\/12\/08-u\u0308berdachung.jpg?resize=300%2C225 300w, https:\/\/i0.wp.com\/hinkelstein.ch\/blog\/wp-content\/uploads\/2015\/12\/08-u\u0308berdachung.jpg?resize=768%2C576 768w, https:\/\/i0.wp.com\/hinkelstein.ch\/blog\/wp-content\/uploads\/2015\/12\/08-u\u0308berdachung.jpg?resize=1024%2C768 1024w\" sizes=\"(max-width: 1000px) 100vw, 1000px\" data-attachment-id=\"360\" data-permalink=\"http:\/\/hinkelstein.ch\/blog\/08-u%cc%88berdachung\/\" data-orig-file=\"https:\/\/i0.wp.com\/hinkelstein.ch\/blog\/wp-content\/uploads\/2015\/12\/08-u\u0308berdachung.jpg?fit=1280%2C960\" data-orig-size=\"1280,960\" data-comments-opened=\"1\" data-image-meta=\"{&quot;aperture&quot;:&quot;2.2&quot;,&quot;credit&quot;:&quot;&quot;,&quot;camera&quot;:&quot;iPhone 6s&quot;,&quot;caption&quot;:&quot;&quot;,&quot;created_timestamp&quot;:&quot;1451395242&quot;,&quot;copyright&quot;:&quot;&quot;,&quot;focal_length&quot;:&quot;4.15&quot;,&quot;iso&quot;:&quot;25&quot;,&quot;shutter_speed&quot;:&quot;0.0038610038610039&quot;,&quot;title&quot;:&quot;&quot;,&quot;orientation&quot;:&quot;1&quot;}\" data-image-title=\"08-\u00fcberdachung\" data-image-description=\"\" data-image-caption=\"\" data-medium-file=\"https:\/\/i0.wp.com\/hinkelstein.ch\/blog\/wp-content\/uploads\/2015\/12\/08-u\u0308berdachung.jpg?fit=300%2C225\" data-large-file=\"https:\/\/i0.wp.com\/hinkelstein.ch\/blog\/wp-content\/uploads\/2015\/12\/08-u\u0308berdachung.jpg?fit=1024%2C768\" \/><\/a>\n\t\t\t<\/dt><\/dl><br style=\"clear: both\" \/><dl class='gallery-item'>\n\t\t\t<dt class='gallery-icon landscape'>\n\t\t\t\t<a href='http:\/\/hinkelstein.ch\/blog\/10-u%cc%88berdachung\/'><img loading=\"lazy\" decoding=\"async\" width=\"1024\" height=\"768\" src=\"https:\/\/i0.wp.com\/hinkelstein.ch\/blog\/wp-content\/uploads\/2015\/12\/10-u\u0308berdachung.jpg?fit=1024%2C768\" class=\"attachment-large size-large\" alt=\"\u00dcberdachung\" aria-describedby=\"gallery-3-362\" srcset=\"https:\/\/i0.wp.com\/hinkelstein.ch\/blog\/wp-content\/uploads\/2015\/12\/10-u\u0308berdachung.jpg?w=1280 1280w, https:\/\/i0.wp.com\/hinkelstein.ch\/blog\/wp-content\/uploads\/2015\/12\/10-u\u0308berdachung.jpg?resize=200%2C150 200w, https:\/\/i0.wp.com\/hinkelstein.ch\/blog\/wp-content\/uploads\/2015\/12\/10-u\u0308berdachung.jpg?resize=300%2C225 300w, https:\/\/i0.wp.com\/hinkelstein.ch\/blog\/wp-content\/uploads\/2015\/12\/10-u\u0308berdachung.jpg?resize=768%2C576 768w, https:\/\/i0.wp.com\/hinkelstein.ch\/blog\/wp-content\/uploads\/2015\/12\/10-u\u0308berdachung.jpg?resize=1024%2C768 1024w\" sizes=\"(max-width: 1000px) 100vw, 1000px\" data-attachment-id=\"362\" data-permalink=\"http:\/\/hinkelstein.ch\/blog\/10-u%cc%88berdachung\/\" data-orig-file=\"https:\/\/i0.wp.com\/hinkelstein.ch\/blog\/wp-content\/uploads\/2015\/12\/10-u\u0308berdachung.jpg?fit=1280%2C960\" data-orig-size=\"1280,960\" data-comments-opened=\"1\" data-image-meta=\"{&quot;aperture&quot;:&quot;2.2&quot;,&quot;credit&quot;:&quot;&quot;,&quot;camera&quot;:&quot;iPhone 6s&quot;,&quot;caption&quot;:&quot;&quot;,&quot;created_timestamp&quot;:&quot;1451408035&quot;,&quot;copyright&quot;:&quot;&quot;,&quot;focal_length&quot;:&quot;4.15&quot;,&quot;iso&quot;:&quot;125&quot;,&quot;shutter_speed&quot;:&quot;0.03030303030303&quot;,&quot;title&quot;:&quot;&quot;,&quot;orientation&quot;:&quot;1&quot;}\" data-image-title=\"10-\u00fcberdachung\" data-image-description=\"\" data-image-caption=\"&lt;p&gt;Das fertige Trockendock&lt;\/p&gt;\n\" data-medium-file=\"https:\/\/i0.wp.com\/hinkelstein.ch\/blog\/wp-content\/uploads\/2015\/12\/10-u\u0308berdachung.jpg?fit=300%2C225\" data-large-file=\"https:\/\/i0.wp.com\/hinkelstein.ch\/blog\/wp-content\/uploads\/2015\/12\/10-u\u0308berdachung.jpg?fit=1024%2C768\" \/><\/a>\n\t\t\t<\/dt>\n\t\t\t\t<dd class='wp-caption-text gallery-caption' id='gallery-3-362'>\n\t\t\t\tDas fertige Trockendock\n\t\t\t\t<\/dd><\/dl><br style=\"clear: both\" \/>\n\t\t<\/div>\n\n<div id=\"attachment_406\" style=\"width: 650px\" class=\"wp-caption alignnone\"><img loading=\"lazy\" decoding=\"async\" aria-describedby=\"caption-attachment-406\" data-attachment-id=\"406\" data-permalink=\"http:\/\/hinkelstein.ch\/blog\/ava\/refit-uebersicht\/ein-neues-zuhause\/attachment\/geru%cc%88st\/\" data-orig-file=\"https:\/\/i0.wp.com\/hinkelstein.ch\/blog\/wp-content\/uploads\/2016\/04\/geru\u0308st.jpg?fit=640%2C480\" data-orig-size=\"640,480\" data-comments-opened=\"1\" data-image-meta=\"{&quot;aperture&quot;:&quot;2.2&quot;,&quot;credit&quot;:&quot;&quot;,&quot;camera&quot;:&quot;iPhone 6s&quot;,&quot;caption&quot;:&quot;&quot;,&quot;created_timestamp&quot;:&quot;1460906363&quot;,&quot;copyright&quot;:&quot;&quot;,&quot;focal_length&quot;:&quot;4.15&quot;,&quot;iso&quot;:&quot;25&quot;,&quot;shutter_speed&quot;:&quot;0.0068493150684932&quot;,&quot;title&quot;:&quot;&quot;,&quot;orientation&quot;:&quot;1&quot;}\" data-image-title=\"Gerust\" data-image-description=\"\" data-image-caption=\"&lt;p&gt;Ein Ger\u00fcst als Arbeitsb\u00fchne und Zugang zur AVA.&lt;\/p&gt;\n\" data-medium-file=\"https:\/\/i0.wp.com\/hinkelstein.ch\/blog\/wp-content\/uploads\/2016\/04\/geru\u0308st.jpg?fit=300%2C225\" data-large-file=\"https:\/\/i0.wp.com\/hinkelstein.ch\/blog\/wp-content\/uploads\/2016\/04\/geru\u0308st.jpg?fit=640%2C480\" class=\"size-full wp-image-406\" src=\"https:\/\/i0.wp.com\/hinkelstein.ch\/blog\/wp-content\/uploads\/2016\/04\/geru\u0308st.jpg?resize=640%2C480\" alt=\"Ein Ger\u00fcst als Arbeitsb\u00fchne und Zugang zur AVA.\" width=\"640\" height=\"480\" srcset=\"https:\/\/i0.wp.com\/hinkelstein.ch\/blog\/wp-content\/uploads\/2016\/04\/geru\u0308st.jpg?w=640 640w, https:\/\/i0.wp.com\/hinkelstein.ch\/blog\/wp-content\/uploads\/2016\/04\/geru\u0308st.jpg?resize=200%2C150 200w, https:\/\/i0.wp.com\/hinkelstein.ch\/blog\/wp-content\/uploads\/2016\/04\/geru\u0308st.jpg?resize=300%2C225 300w\" sizes=\"(max-width: 640px) 100vw, 640px\" data-recalc-dims=\"1\" \/><p id=\"caption-attachment-406\" class=\"wp-caption-text\">Ein Ger\u00fcst als Arbeitsb\u00fchne und Zugang zur AVA.<\/p><\/div>\n","protected":false},"excerpt":{"rendered":"<p>Podestbau als Stellplatz Damit die AVA &#8211; der zuk\u00fcnrtige Name der Tahowa\u00a0 &#8211; in unmittelbarer N\u00e4he des heutigen Eigners weiter umgebaut werden konnte, brauchte es eine aufw\u00e4ndig konstruiertes Podest, damit die 3.5 Tonnen auch in einer schr\u00e4gen Einfahrt im Lot standen. Nach Fertigstellung des Podest wurde zuerst ein Belastungstest gefahren, welcher hier im Zeitraffer zu [&hellip;]<\/p>\n","protected":false},"author":1,"featured_media":0,"parent":279,"menu_order":2,"comment_status":"closed","ping_status":"closed","template":"","meta":{"jetpack_post_was_ever_published":false,"footnotes":""},"jetpack_sharing_enabled":true,"jetpack_shortlink":"https:\/\/wp.me\/P7nGwI-4D","jetpack-related-posts":[],"_links":{"self":[{"href":"http:\/\/hinkelstein.ch\/blog\/wp-json\/wp\/v2\/pages\/287"}],"collection":[{"href":"http:\/\/hinkelstein.ch\/blog\/wp-json\/wp\/v2\/pages"}],"about":[{"href":"http:\/\/hinkelstein.ch\/blog\/wp-json\/wp\/v2\/types\/page"}],"author":[{"embeddable":true,"href":"http:\/\/hinkelstein.ch\/blog\/wp-json\/wp\/v2\/users\/1"}],"replies":[{"embeddable":true,"href":"http:\/\/hinkelstein.ch\/blog\/wp-json\/wp\/v2\/comments?post=287"}],"version-history":[{"count":14,"href":"http:\/\/hinkelstein.ch\/blog\/wp-json\/wp\/v2\/pages\/287\/revisions"}],"predecessor-version":[{"id":408,"href":"http:\/\/hinkelstein.ch\/blog\/wp-json\/wp\/v2\/pages\/287\/revisions\/408"}],"up":[{"embeddable":true,"href":"http:\/\/hinkelstein.ch\/blog\/wp-json\/wp\/v2\/pages\/279"}],"wp:attachment":[{"href":"http:\/\/hinkelstein.ch\/blog\/wp-json\/wp\/v2\/media?parent=287"}],"curies":[{"name":"wp","href":"https:\/\/api.w.org\/{rel}","templated":true}]}}